{"id":7778,"date":"2025-09-26T08:55:03","date_gmt":"2025-09-26T08:55:03","guid":{"rendered":"https:\/\/www.sprich.ch\/grigliati-profilati\/"},"modified":"2026-03-18T13:16:39","modified_gmt":"2026-03-18T13:16:39","slug":"grigliati-profilati","status":"publish","type":"page","link":"https:\/\/www.sprich.ch\/it\/prodotti\/grigliati-profilati","title":{"rendered":"Grigliati profilati"},"content":{"rendered":"\t\t<div data-elementor-type=\"wp-page\" data-elementor-id=\"7778\" class=\"elementor elementor-7778 elementor-982\" data-elementor-post-type=\"page\">\n\t\t\t\t<div class=\"elementor-element elementor-element-ca4107e e-con-full e-flex wpr-particle-no wpr-jarallax-no wpr-parallax-no wpr-sticky-section-no wpr-equal-height-no e-con e-parent\" data-id=\"ca4107e\" data-element_type=\"container\" data-e-type=\"container\" data-settings=\"{&quot;background_background&quot;:&quot;classic&quot;}\">\n\t\t\t\t<\/div>\n\t\t<div class=\"elementor-element elementor-element-c0811c3 e-con-full e-flex wpr-particle-no wpr-jarallax-no wpr-parallax-no wpr-sticky-section-no wpr-equal-height-no e-con e-parent\" data-id=\"c0811c3\" data-element_type=\"container\" data-e-type=\"container\">\n\t\t\t\t<div class=\"elementor-element elementor-element-f595ad5 elementor-widget elementor-widget-spacer\" data-id=\"f595ad5\" data-element_type=\"widget\" data-e-type=\"widget\" data-widget_type=\"spacer.default\">\n\t\t\t\t\t\t\t<div class=\"elementor-spacer\">\n\t\t\t<div class=\"elementor-spacer-inner\"><\/div>\n\t\t<\/div>\n\t\t\t\t\t\t<\/div>\n\t\t\t\t<div class=\"elementor-element elementor-element-ca974df elementor-widget elementor-widget-heading\" data-id=\"ca974df\" data-element_type=\"widget\" data-e-type=\"widget\" data-widget_type=\"heading.default\">\n\t\t\t\t\t<h2 class=\"elementor-heading-title elementor-size-default\">LE NOSTRE GRIGLIE IN LAMIERA<\/h2>\t\t\t\t<\/div>\n\t\t\t\t<div class=\"elementor-element elementor-element-ae70b7e elementor-widget-divider--view-line elementor-widget elementor-widget-divider\" data-id=\"ae70b7e\" data-element_type=\"widget\" data-e-type=\"widget\" data-widget_type=\"divider.default\">\n\t\t\t\t\t\t\t<div class=\"elementor-divider\">\n\t\t\t<span class=\"elementor-divider-separator\">\n\t\t\t\t\t\t<\/span>\n\t\t<\/div>\n\t\t\t\t\t\t<\/div>\n\t\t\t\t<div class=\"elementor-element elementor-element-f2e73d3 elementor-widget elementor-widget-text-editor\" data-id=\"f2e73d3\" data-element_type=\"widget\" data-e-type=\"widget\" data-widget_type=\"text-editor.default\">\n\t\t\t\t\t\t\t\t\t<p>Grigliati profilati in lamiera SPRICH: stabili, versatili e sicuri<\/p><p>Nel caso sia necessario superare notevoli ampiezze, i grigliati profilati in lamiera SPRICH sono la scelta adatta. Questa alternativa al grigliato pressato SPRICH offre numerose possibilit\u00e0 applicative. Grazie alle diverse strutture della superficie e alle perforazioni, i grigliati profilati in lamiera trovano impiego sia in ambito industriale che privato. Tutti i modelli sono disponibili su richiesta con fianchi laterali avvitabili.<\/p><p>Produciamo grigliati profilati in lunghezze fino a sei metri, per un montaggio pi\u00f9 semplice e rapido. Il grigliato profilato ignifugo SPRICH tipo Fire viene utilizzato principalmente come elemento di copertura per le vasche dei trasformatori. Un ulteriore vantaggio dei grigliati profilati \u00e8 la loro trasparenza ridotta, che riduce notevolmente il rischio di vertigini sulle vie di fuga ad altezze elevate.<\/p>\t\t\t\t\t\t\t\t<\/div>\n\t\t<div class=\"elementor-element elementor-element-39a226d e-grid e-con-full wpr-particle-no wpr-jarallax-no wpr-parallax-no wpr-sticky-section-no wpr-equal-height-no e-con e-child\" data-id=\"39a226d\" data-element_type=\"container\" data-e-type=\"container\">\n\t\t<div class=\"elementor-element elementor-element-500ddf3 e-con-full e-flex wpr-particle-no wpr-jarallax-no wpr-parallax-no wpr-sticky-section-no wpr-equal-height-no e-con e-child\" data-id=\"500ddf3\" data-element_type=\"container\" data-e-type=\"container\">\n\t\t\t\t<div class=\"elementor-element elementor-element-015918d elementor-widget elementor-widget-image\" data-id=\"015918d\" data-element_type=\"widget\" data-e-type=\"widget\" data-widget_type=\"image.default\">\n\t\t\t\t\t\t\t\t\t\t\t\t\t\t\t\t<a href=\"https:\/\/www.sprich.ch\/it\/prodotti\/grigliati-profilati\/grigliati-in-lamiera-serrated\/\">\n\t\t\t\t\t\t\t<img fetchpriority=\"high\" decoding=\"async\" width=\"1024\" height=\"1024\" src=\"https:\/\/www.sprich.ch\/wp-content\/uploads\/2025\/09\/sprich_Blechprofilroste_serrated_gitterroste_stahl_header_nr01_2025-1024x1024.jpg\" class=\"attachment-large size-large wp-image-7772\" alt=\"sprich_Grigliato-profilato_serrated_Grigliati_acciaio_header_nr01_2025\" srcset=\"https:\/\/www.sprich.ch\/wp-content\/uploads\/2025\/09\/sprich_Blechprofilroste_serrated_gitterroste_stahl_header_nr01_2025-1024x1024.jpg 1024w, https:\/\/www.sprich.ch\/wp-content\/uploads\/2025\/09\/sprich_Blechprofilroste_serrated_gitterroste_stahl_header_nr01_2025-300x300.jpg 300w, https:\/\/www.sprich.ch\/wp-content\/uploads\/2025\/09\/sprich_Blechprofilroste_serrated_gitterroste_stahl_header_nr01_2025-150x150.jpg 150w, https:\/\/www.sprich.ch\/wp-content\/uploads\/2025\/09\/sprich_Blechprofilroste_serrated_gitterroste_stahl_header_nr01_2025-768x768.jpg 768w, https:\/\/www.sprich.ch\/wp-content\/uploads\/2025\/09\/sprich_Blechprofilroste_serrated_gitterroste_stahl_header_nr01_2025-600x600.jpg 600w, https:\/\/www.sprich.ch\/wp-content\/uploads\/2025\/09\/sprich_Blechprofilroste_serrated_gitterroste_stahl_header_nr01_2025.jpg 1160w\" sizes=\"(max-width: 1024px) 100vw, 1024px\" \/>\t\t\t\t\t\t\t\t<\/a>\n\t\t\t\t\t\t\t\t\t\t\t\t\t\t\t<\/div>\n\t\t\t\t<div class=\"elementor-element elementor-element-900deb8 elementor-widget elementor-widget-button\" data-id=\"900deb8\" data-element_type=\"widget\" data-e-type=\"widget\" data-widget_type=\"button.default\">\n\t\t\t\t\t\t\t\t\t\t<a class=\"elementor-button elementor-button-link elementor-size-sm\" href=\"https:\/\/www.sprich.ch\/it\/prodotti\/grigliati-profilati\/grigliati-in-lamiera-serrated\/\">\n\t\t\t\t\t\t<span class=\"elementor-button-content-wrapper\">\n\t\t\t\t\t\t<span class=\"elementor-button-icon\">\n\t\t\t\t<svg aria-hidden=\"true\" class=\"e-font-icon-svg e-fas-chevron-right\" viewBox=\"0 0 320 512\" xmlns=\"http:\/\/www.w3.org\/2000\/svg\"><path d=\"M285.476 272.971L91.132 467.314c-9.373 9.373-24.569 9.373-33.941 0l-22.667-22.667c-9.357-9.357-9.375-24.522-.04-33.901L188.505 256 34.484 101.255c-9.335-9.379-9.317-24.544.04-33.901l22.667-22.667c9.373-9.373 24.569-9.373 33.941 0L285.475 239.03c9.373 9.372 9.373 24.568.001 33.941z\"><\/path><\/svg>\t\t\t<\/span>\n\t\t\t\t\t\t\t\t\t<span class=\"elementor-button-text\">SERRATED<\/span>\n\t\t\t\t\t<\/span>\n\t\t\t\t\t<\/a>\n\t\t\t\t\t\t\t\t<\/div>\n\t\t\t\t<\/div>\n\t\t<div class=\"elementor-element elementor-element-ff7020d e-con-full e-flex wpr-particle-no wpr-jarallax-no wpr-parallax-no wpr-sticky-section-no wpr-equal-height-no e-con e-child\" data-id=\"ff7020d\" data-element_type=\"container\" data-e-type=\"container\">\n\t\t\t\t<div class=\"elementor-element elementor-element-112d50f elementor-widget elementor-widget-image\" data-id=\"112d50f\" data-element_type=\"widget\" data-e-type=\"widget\" data-widget_type=\"image.default\">\n\t\t\t\t\t\t\t\t\t\t\t\t\t\t\t\t<a href=\"https:\/\/www.sprich.ch\/it\/prodotti\/grigliati-profilati\/grigliati-in-lamiera-steg\/\">\n\t\t\t\t\t\t\t<img decoding=\"async\" width=\"1024\" height=\"1024\" src=\"https:\/\/www.sprich.ch\/wp-content\/uploads\/2025\/09\/sprich_blechprofilroste-steg_gitterroste_stahl-feuerverzinkt_header_nr01_2025-1024x1024.jpg\" class=\"attachment-large size-large wp-image-7773\" alt=\"sprich_Grigliato-profilato-steg_Grigliati_acciaio-zincato-a-caldo_header_nr01_2025\" srcset=\"https:\/\/www.sprich.ch\/wp-content\/uploads\/2025\/09\/sprich_blechprofilroste-steg_gitterroste_stahl-feuerverzinkt_header_nr01_2025-1024x1024.jpg 1024w, https:\/\/www.sprich.ch\/wp-content\/uploads\/2025\/09\/sprich_blechprofilroste-steg_gitterroste_stahl-feuerverzinkt_header_nr01_2025-300x300.jpg 300w, https:\/\/www.sprich.ch\/wp-content\/uploads\/2025\/09\/sprich_blechprofilroste-steg_gitterroste_stahl-feuerverzinkt_header_nr01_2025-150x150.jpg 150w, https:\/\/www.sprich.ch\/wp-content\/uploads\/2025\/09\/sprich_blechprofilroste-steg_gitterroste_stahl-feuerverzinkt_header_nr01_2025-768x768.jpg 768w, https:\/\/www.sprich.ch\/wp-content\/uploads\/2025\/09\/sprich_blechprofilroste-steg_gitterroste_stahl-feuerverzinkt_header_nr01_2025-600x600.jpg 600w, https:\/\/www.sprich.ch\/wp-content\/uploads\/2025\/09\/sprich_blechprofilroste-steg_gitterroste_stahl-feuerverzinkt_header_nr01_2025.jpg 1160w\" sizes=\"(max-width: 1024px) 100vw, 1024px\" \/>\t\t\t\t\t\t\t\t<\/a>\n\t\t\t\t\t\t\t\t\t\t\t\t\t\t\t<\/div>\n\t\t\t\t<div class=\"elementor-element elementor-element-b18898b elementor-widget elementor-widget-button\" data-id=\"b18898b\" data-element_type=\"widget\" data-e-type=\"widget\" data-widget_type=\"button.default\">\n\t\t\t\t\t\t\t\t\t\t<a class=\"elementor-button elementor-button-link elementor-size-sm\" href=\"https:\/\/www.sprich.ch\/it\/prodotti\/grigliati-profilati\/grigliati-in-lamiera-steg\/\">\n\t\t\t\t\t\t<span class=\"elementor-button-content-wrapper\">\n\t\t\t\t\t\t<span class=\"elementor-button-icon\">\n\t\t\t\t<svg aria-hidden=\"true\" class=\"e-font-icon-svg e-fas-chevron-right\" viewBox=\"0 0 320 512\" xmlns=\"http:\/\/www.w3.org\/2000\/svg\"><path d=\"M285.476 272.971L91.132 467.314c-9.373 9.373-24.569 9.373-33.941 0l-22.667-22.667c-9.357-9.357-9.375-24.522-.04-33.901L188.505 256 34.484 101.255c-9.335-9.379-9.317-24.544.04-33.901l22.667-22.667c9.373-9.373 24.569-9.373 33.941 0L285.475 239.03c9.373 9.372 9.373 24.568.001 33.941z\"><\/path><\/svg>\t\t\t<\/span>\n\t\t\t\t\t\t\t\t\t<span class=\"elementor-button-text\">STEG<\/span>\n\t\t\t\t\t<\/span>\n\t\t\t\t\t<\/a>\n\t\t\t\t\t\t\t\t<\/div>\n\t\t\t\t<\/div>\n\t\t<div class=\"elementor-element elementor-element-4a7f37d e-con-full e-flex wpr-particle-no wpr-jarallax-no wpr-parallax-no wpr-sticky-section-no wpr-equal-height-no e-con e-child\" data-id=\"4a7f37d\" data-element_type=\"container\" data-e-type=\"container\">\n\t\t\t\t<div class=\"elementor-element elementor-element-84c824f elementor-widget elementor-widget-image\" data-id=\"84c824f\" data-element_type=\"widget\" data-e-type=\"widget\" data-widget_type=\"image.default\">\n\t\t\t\t\t\t\t\t\t\t\t\t\t\t\t\t<a href=\"https:\/\/www.sprich.ch\/it\/prodotti\/grigliati-profilati\/grigliati-in-lamiera-rund\/\">\n\t\t\t\t\t\t\t<img decoding=\"async\" width=\"1024\" height=\"1024\" src=\"https:\/\/www.sprich.ch\/wp-content\/uploads\/2025\/09\/sprich_blechprofilroste-rund_gitterroste_stahl_header_nr01_2025-1024x1024.jpg\" class=\"attachment-large size-large wp-image-7774\" alt=\"sprich_Grigliato-profilato-rund_Grigliati_acciaio_header_nr01_2025\" srcset=\"https:\/\/www.sprich.ch\/wp-content\/uploads\/2025\/09\/sprich_blechprofilroste-rund_gitterroste_stahl_header_nr01_2025-1024x1024.jpg 1024w, https:\/\/www.sprich.ch\/wp-content\/uploads\/2025\/09\/sprich_blechprofilroste-rund_gitterroste_stahl_header_nr01_2025-300x300.jpg 300w, https:\/\/www.sprich.ch\/wp-content\/uploads\/2025\/09\/sprich_blechprofilroste-rund_gitterroste_stahl_header_nr01_2025-150x150.jpg 150w, https:\/\/www.sprich.ch\/wp-content\/uploads\/2025\/09\/sprich_blechprofilroste-rund_gitterroste_stahl_header_nr01_2025-768x768.jpg 768w, https:\/\/www.sprich.ch\/wp-content\/uploads\/2025\/09\/sprich_blechprofilroste-rund_gitterroste_stahl_header_nr01_2025-600x600.jpg 600w, https:\/\/www.sprich.ch\/wp-content\/uploads\/2025\/09\/sprich_blechprofilroste-rund_gitterroste_stahl_header_nr01_2025.jpg 1160w\" sizes=\"(max-width: 1024px) 100vw, 1024px\" \/>\t\t\t\t\t\t\t\t<\/a>\n\t\t\t\t\t\t\t\t\t\t\t\t\t\t\t<\/div>\n\t\t\t\t<div class=\"elementor-element elementor-element-4b20bd0 elementor-widget elementor-widget-button\" data-id=\"4b20bd0\" data-element_type=\"widget\" data-e-type=\"widget\" data-widget_type=\"button.default\">\n\t\t\t\t\t\t\t\t\t\t<a class=\"elementor-button elementor-button-link elementor-size-sm\" href=\"https:\/\/www.sprich.ch\/it\/prodotti\/grigliati-profilati\/grigliati-in-lamiera-rund\/\">\n\t\t\t\t\t\t<span class=\"elementor-button-content-wrapper\">\n\t\t\t\t\t\t<span class=\"elementor-button-icon\">\n\t\t\t\t<svg aria-hidden=\"true\" class=\"e-font-icon-svg e-fas-chevron-right\" viewBox=\"0 0 320 512\" xmlns=\"http:\/\/www.w3.org\/2000\/svg\"><path d=\"M285.476 272.971L91.132 467.314c-9.373 9.373-24.569 9.373-33.941 0l-22.667-22.667c-9.357-9.357-9.375-24.522-.04-33.901L188.505 256 34.484 101.255c-9.335-9.379-9.317-24.544.04-33.901l22.667-22.667c9.373-9.373 24.569-9.373 33.941 0L285.475 239.03c9.373 9.372 9.373 24.568.001 33.941z\"><\/path><\/svg>\t\t\t<\/span>\n\t\t\t\t\t\t\t\t\t<span class=\"elementor-button-text\">RUND<\/span>\n\t\t\t\t\t<\/span>\n\t\t\t\t\t<\/a>\n\t\t\t\t\t\t\t\t<\/div>\n\t\t\t\t<\/div>\n\t\t<div class=\"elementor-element elementor-element-f9ff926 e-con-full e-flex wpr-particle-no wpr-jarallax-no wpr-parallax-no wpr-sticky-section-no wpr-equal-height-no e-con e-child\" data-id=\"f9ff926\" data-element_type=\"container\" data-e-type=\"container\">\n\t\t\t\t<div class=\"elementor-element elementor-element-c51bace elementor-widget elementor-widget-image\" data-id=\"c51bace\" data-element_type=\"widget\" data-e-type=\"widget\" data-widget_type=\"image.default\">\n\t\t\t\t\t\t\t\t\t\t\t\t\t\t\t\t<a href=\"https:\/\/www.sprich.ch\/it\/prodotti\/grigliati-profilati\/grigliati-in-lamiera-offshore\/\">\n\t\t\t\t\t\t\t<img loading=\"lazy\" decoding=\"async\" width=\"1024\" height=\"1024\" src=\"https:\/\/www.sprich.ch\/wp-content\/uploads\/2025\/09\/sprich_blechprofilrost-offshore_gitterroste_stahl_header_nr01_2025-1024x1024.jpg\" class=\"attachment-large size-large wp-image-7775\" alt=\"sprich_Grigliato-profilato-offshore_Grigliati_acciaio_header_nr01_2025\" srcset=\"https:\/\/www.sprich.ch\/wp-content\/uploads\/2025\/09\/sprich_blechprofilrost-offshore_gitterroste_stahl_header_nr01_2025-1024x1024.jpg 1024w, https:\/\/www.sprich.ch\/wp-content\/uploads\/2025\/09\/sprich_blechprofilrost-offshore_gitterroste_stahl_header_nr01_2025-300x300.jpg 300w, https:\/\/www.sprich.ch\/wp-content\/uploads\/2025\/09\/sprich_blechprofilrost-offshore_gitterroste_stahl_header_nr01_2025-150x150.jpg 150w, https:\/\/www.sprich.ch\/wp-content\/uploads\/2025\/09\/sprich_blechprofilrost-offshore_gitterroste_stahl_header_nr01_2025-768x768.jpg 768w, https:\/\/www.sprich.ch\/wp-content\/uploads\/2025\/09\/sprich_blechprofilrost-offshore_gitterroste_stahl_header_nr01_2025-600x600.jpg 600w, https:\/\/www.sprich.ch\/wp-content\/uploads\/2025\/09\/sprich_blechprofilrost-offshore_gitterroste_stahl_header_nr01_2025.jpg 1160w\" sizes=\"(max-width: 1024px) 100vw, 1024px\" \/>\t\t\t\t\t\t\t\t<\/a>\n\t\t\t\t\t\t\t\t\t\t\t\t\t\t\t<\/div>\n\t\t\t\t<div class=\"elementor-element elementor-element-df1a53c elementor-widget elementor-widget-button\" data-id=\"df1a53c\" data-element_type=\"widget\" data-e-type=\"widget\" data-widget_type=\"button.default\">\n\t\t\t\t\t\t\t\t\t\t<a class=\"elementor-button elementor-button-link elementor-size-sm\" href=\"https:\/\/www.sprich.ch\/it\/prodotti\/grigliati-profilati\/grigliati-in-lamiera-offshore\/\">\n\t\t\t\t\t\t<span class=\"elementor-button-content-wrapper\">\n\t\t\t\t\t\t<span class=\"elementor-button-icon\">\n\t\t\t\t<svg aria-hidden=\"true\" class=\"e-font-icon-svg e-fas-chevron-right\" viewBox=\"0 0 320 512\" xmlns=\"http:\/\/www.w3.org\/2000\/svg\"><path d=\"M285.476 272.971L91.132 467.314c-9.373 9.373-24.569 9.373-33.941 0l-22.667-22.667c-9.357-9.357-9.375-24.522-.04-33.901L188.505 256 34.484 101.255c-9.335-9.379-9.317-24.544.04-33.901l22.667-22.667c9.373-9.373 24.569-9.373 33.941 0L285.475 239.03c9.373 9.372 9.373 24.568.001 33.941z\"><\/path><\/svg>\t\t\t<\/span>\n\t\t\t\t\t\t\t\t\t<span class=\"elementor-button-text\">OFFSHORE<\/span>\n\t\t\t\t\t<\/span>\n\t\t\t\t\t<\/a>\n\t\t\t\t\t\t\t\t<\/div>\n\t\t\t\t<\/div>\n\t\t<div class=\"elementor-element elementor-element-2fa2d66 e-con-full e-flex wpr-particle-no wpr-jarallax-no wpr-parallax-no wpr-sticky-section-no wpr-equal-height-no e-con e-child\" data-id=\"2fa2d66\" data-element_type=\"container\" data-e-type=\"container\">\n\t\t\t\t<div class=\"elementor-element elementor-element-b786ce8 elementor-widget elementor-widget-image\" data-id=\"b786ce8\" data-element_type=\"widget\" data-e-type=\"widget\" data-widget_type=\"image.default\">\n\t\t\t\t\t\t\t\t\t\t\t\t\t\t\t\t<a href=\"https:\/\/www.sprich.ch\/it\/prodotti\/grigliati-profilati\/grigliati-in-lamiera-geschlossen-r\/\">\n\t\t\t\t\t\t\t<img loading=\"lazy\" decoding=\"async\" width=\"1024\" height=\"1024\" src=\"https:\/\/www.sprich.ch\/wp-content\/uploads\/2025\/09\/sprich_blechprofilroste-geschlossen-r_gitterroste_stahl_header_nr01_2025-1024x1024.jpg\" class=\"attachment-large size-large wp-image-7776\" alt=\"sprich_Grigliato-profilato-geschlossen-r_Grigliati_acciaio_header_nr01_2025\" srcset=\"https:\/\/www.sprich.ch\/wp-content\/uploads\/2025\/09\/sprich_blechprofilroste-geschlossen-r_gitterroste_stahl_header_nr01_2025-1024x1024.jpg 1024w, https:\/\/www.sprich.ch\/wp-content\/uploads\/2025\/09\/sprich_blechprofilroste-geschlossen-r_gitterroste_stahl_header_nr01_2025-300x300.jpg 300w, https:\/\/www.sprich.ch\/wp-content\/uploads\/2025\/09\/sprich_blechprofilroste-geschlossen-r_gitterroste_stahl_header_nr01_2025-150x150.jpg 150w, https:\/\/www.sprich.ch\/wp-content\/uploads\/2025\/09\/sprich_blechprofilroste-geschlossen-r_gitterroste_stahl_header_nr01_2025-768x768.jpg 768w, https:\/\/www.sprich.ch\/wp-content\/uploads\/2025\/09\/sprich_blechprofilroste-geschlossen-r_gitterroste_stahl_header_nr01_2025-600x600.jpg 600w, https:\/\/www.sprich.ch\/wp-content\/uploads\/2025\/09\/sprich_blechprofilroste-geschlossen-r_gitterroste_stahl_header_nr01_2025.jpg 1160w\" sizes=\"(max-width: 1024px) 100vw, 1024px\" \/>\t\t\t\t\t\t\t\t<\/a>\n\t\t\t\t\t\t\t\t\t\t\t\t\t\t\t<\/div>\n\t\t\t\t<div class=\"elementor-element elementor-element-c32b6cb elementor-widget elementor-widget-button\" data-id=\"c32b6cb\" data-element_type=\"widget\" data-e-type=\"widget\" data-widget_type=\"button.default\">\n\t\t\t\t\t\t\t\t\t\t<a class=\"elementor-button elementor-button-link elementor-size-sm\" href=\"https:\/\/www.sprich.ch\/it\/prodotti\/grigliati-profilati\/grigliati-in-lamiera-geschlossen-r\/\">\n\t\t\t\t\t\t<span class=\"elementor-button-content-wrapper\">\n\t\t\t\t\t\t<span class=\"elementor-button-icon\">\n\t\t\t\t<svg aria-hidden=\"true\" class=\"e-font-icon-svg e-fas-chevron-right\" viewBox=\"0 0 320 512\" xmlns=\"http:\/\/www.w3.org\/2000\/svg\"><path d=\"M285.476 272.971L91.132 467.314c-9.373 9.373-24.569 9.373-33.941 0l-22.667-22.667c-9.357-9.357-9.375-24.522-.04-33.901L188.505 256 34.484 101.255c-9.335-9.379-9.317-24.544.04-33.901l22.667-22.667c9.373-9.373 24.569-9.373 33.941 0L285.475 239.03c9.373 9.372 9.373 24.568.001 33.941z\"><\/path><\/svg>\t\t\t<\/span>\n\t\t\t\t\t\t\t\t\t<span class=\"elementor-button-text\">GESCHLOSSEN R<\/span>\n\t\t\t\t\t<\/span>\n\t\t\t\t\t<\/a>\n\t\t\t\t\t\t\t\t<\/div>\n\t\t\t\t<\/div>\n\t\t<div class=\"elementor-element elementor-element-d0bde94 e-con-full e-flex wpr-particle-no wpr-jarallax-no wpr-parallax-no wpr-sticky-section-no wpr-equal-height-no e-con e-child\" data-id=\"d0bde94\" data-element_type=\"container\" data-e-type=\"container\">\n\t\t\t\t<div class=\"elementor-element elementor-element-1017b80 elementor-widget elementor-widget-image\" data-id=\"1017b80\" data-element_type=\"widget\" data-e-type=\"widget\" data-widget_type=\"image.default\">\n\t\t\t\t\t\t\t\t\t\t\t\t\t\t\t\t<a href=\"https:\/\/www.sprich.ch\/it\/prodotti\/grigliati-profilati\/grigliato-profilato-fire\">\n\t\t\t\t\t\t\t<img loading=\"lazy\" decoding=\"async\" width=\"1024\" height=\"1024\" src=\"https:\/\/www.sprich.ch\/wp-content\/uploads\/2025\/09\/sprich_blechprofilroste-fire_gitterroste_stahl_header_nr01_2025-1024x1024.jpg\" class=\"attachment-large size-large wp-image-7777\" alt=\"sprich_Grigliato-profilato-fire_Grigliati_acciaio_header_nr01_2025\" srcset=\"https:\/\/www.sprich.ch\/wp-content\/uploads\/2025\/09\/sprich_blechprofilroste-fire_gitterroste_stahl_header_nr01_2025-1024x1024.jpg 1024w, https:\/\/www.sprich.ch\/wp-content\/uploads\/2025\/09\/sprich_blechprofilroste-fire_gitterroste_stahl_header_nr01_2025-300x300.jpg 300w, https:\/\/www.sprich.ch\/wp-content\/uploads\/2025\/09\/sprich_blechprofilroste-fire_gitterroste_stahl_header_nr01_2025-150x150.jpg 150w, https:\/\/www.sprich.ch\/wp-content\/uploads\/2025\/09\/sprich_blechprofilroste-fire_gitterroste_stahl_header_nr01_2025-768x768.jpg 768w, https:\/\/www.sprich.ch\/wp-content\/uploads\/2025\/09\/sprich_blechprofilroste-fire_gitterroste_stahl_header_nr01_2025-600x600.jpg 600w, https:\/\/www.sprich.ch\/wp-content\/uploads\/2025\/09\/sprich_blechprofilroste-fire_gitterroste_stahl_header_nr01_2025.jpg 1160w\" sizes=\"(max-width: 1024px) 100vw, 1024px\" \/>\t\t\t\t\t\t\t\t<\/a>\n\t\t\t\t\t\t\t\t\t\t\t\t\t\t\t<\/div>\n\t\t\t\t<div class=\"elementor-element elementor-element-8030448 elementor-widget elementor-widget-button\" data-id=\"8030448\" data-element_type=\"widget\" data-e-type=\"widget\" data-widget_type=\"button.default\">\n\t\t\t\t\t\t\t\t\t\t<a class=\"elementor-button elementor-button-link elementor-size-sm\" href=\"https:\/\/www.sprich.ch\/it\/prodotti\/grigliati-profilati\/grigliato-profilato-fire\">\n\t\t\t\t\t\t<span class=\"elementor-button-content-wrapper\">\n\t\t\t\t\t\t<span class=\"elementor-button-icon\">\n\t\t\t\t<svg aria-hidden=\"true\" class=\"e-font-icon-svg e-fas-chevron-right\" viewBox=\"0 0 320 512\" xmlns=\"http:\/\/www.w3.org\/2000\/svg\"><path d=\"M285.476 272.971L91.132 467.314c-9.373 9.373-24.569 9.373-33.941 0l-22.667-22.667c-9.357-9.357-9.375-24.522-.04-33.901L188.505 256 34.484 101.255c-9.335-9.379-9.317-24.544.04-33.901l22.667-22.667c9.373-9.373 24.569-9.373 33.941 0L285.475 239.03c9.373 9.372 9.373 24.568.001 33.941z\"><\/path><\/svg>\t\t\t<\/span>\n\t\t\t\t\t\t\t\t\t<span class=\"elementor-button-text\">FIRE<\/span>\n\t\t\t\t\t<\/span>\n\t\t\t\t\t<\/a>\n\t\t\t\t\t\t\t\t<\/div>\n\t\t\t\t<\/div>\n\t\t\t\t<\/div>\n\t\t\t\t<div class=\"elementor-element elementor-element-ea42cd7 elementor-widget elementor-widget-spacer\" data-id=\"ea42cd7\" data-element_type=\"widget\" data-e-type=\"widget\" data-widget_type=\"spacer.default\">\n\t\t\t\t\t\t\t<div class=\"elementor-spacer\">\n\t\t\t<div class=\"elementor-spacer-inner\"><\/div>\n\t\t<\/div>\n\t\t\t\t\t\t<\/div>\n\t\t\t\t<\/div>\n\t\t\t\t<\/div>\n\t\t","protected":false},"excerpt":{"rendered":"<p>LE NOSTRE GRIGLIE IN LAMIERA Grigliati profilati in lamiera SPRICH: stabili, versatili e sicuri Nel caso sia necessario superare notevoli ampiezze, i grigliati profilati in lamiera SPRICH sono la scelta adatta. Questa alternativa al grigliato pressato SPRICH offre numerose possibilit\u00e0 applicative. Grazie alle diverse strutture della superficie e alle perforazioni, i grigliati profilati in lamiera trovano impiego sia in ambito industriale che privato. Tutti i modelli sono disponibili su richiesta con fianchi laterali avvitabili. Produciamo grigliati profilati in lunghezze fino a sei metri, per un montaggio pi\u00f9 semplice e rapido. Il grigliato profilato ignifugo SPRICH tipo Fire viene utilizzato principalmente come elemento di copertura per le vasche dei trasformatori. Un ulteriore vantaggio dei grigliati profilati \u00e8 la loro trasparenza ridotta, che riduce notevolmente il rischio di vertigini sulle vie di fuga ad altezze elevate. SERRATED STEG RUND OFFSHORE GESCHLOSSEN R FIRE<\/p>\n","protected":false},"author":1,"featured_media":0,"parent":11253,"menu_order":0,"comment_status":"closed","ping_status":"closed","template":"elementor_header_footer","meta":{"footnotes":""},"class_list":["post-7778","page","type-page","status-publish","hentry","entry"],"yoast_head":"<!-- This site is optimized with the Yoast SEO Premium plugin v27.4 (Yoast SEO v27.5) - https:\/\/yoast.com\/product\/yoast-seo-premium-wordpress\/ -->\n<title>Grigliati profilati - SPRICH<\/title>\n<meta name=\"description\" content=\"Blechprofilroste von SPRICH \u00fcberbr\u00fccken grosse Spannweiten, bieten vielseitige Einsatzm\u00f6glichkeiten und erh\u00f6hen dank reduzierter Transparenz die Sicherheit auf Fluchtwegen.\" \/>\n<meta name=\"robots\" content=\"index, follow, max-snippet:-1, max-image-preview:large, max-video-preview:-1\" \/>\n<link rel=\"canonical\" href=\"https:\/\/www.sprich.ch\/it\/prodotti\/grigliati-profilati\" \/>\n<meta property=\"og:locale\" content=\"it_IT\" \/>\n<meta property=\"og:type\" content=\"article\" \/>\n<meta property=\"og:title\" content=\"Grigliati profilati\" \/>\n<meta property=\"og:description\" content=\"Blechprofilroste von SPRICH \u00fcberbr\u00fccken grosse Spannweiten, bieten vielseitige Einsatzm\u00f6glichkeiten und erh\u00f6hen dank reduzierter Transparenz die Sicherheit auf Fluchtwegen.\" \/>\n<meta property=\"og:url\" content=\"https:\/\/www.sprich.ch\/it\/prodotti\/grigliati-profilati\" \/>\n<meta property=\"og:site_name\" content=\"SPRICH\" \/>\n<meta property=\"article:modified_time\" content=\"2026-03-18T13:16:39+00:00\" \/>\n<meta property=\"og:image\" content=\"https:\/\/www.sprich.ch\/wp-content\/uploads\/2025\/09\/sprich_Blechprofilroste_serrated_gitterroste_stahl_header_nr01_2025.jpg\" \/>\n\t<meta property=\"og:image:width\" content=\"1160\" \/>\n\t<meta property=\"og:image:height\" content=\"1160\" \/>\n\t<meta property=\"og:image:type\" content=\"image\/jpeg\" \/>\n<meta name=\"twitter:card\" content=\"summary_large_image\" \/>\n<meta name=\"twitter:label1\" content=\"Tempo di lettura stimato\" \/>\n\t<meta name=\"twitter:data1\" content=\"2 minuti\" \/>\n<script type=\"application\/ld+json\" class=\"yoast-schema-graph\">{\"@context\":\"https:\\\/\\\/schema.org\",\"@graph\":[{\"@type\":\"WebPage\",\"@id\":\"https:\\\/\\\/www.sprich.ch\\\/it\\\/prodotti\\\/grigliati-profilati\",\"url\":\"https:\\\/\\\/www.sprich.ch\\\/it\\\/prodotti\\\/grigliati-profilati\",\"name\":\"Grigliati profilati - SPRICH\",\"isPartOf\":{\"@id\":\"https:\\\/\\\/www.sprich.ch\\\/it#website\"},\"primaryImageOfPage\":{\"@id\":\"https:\\\/\\\/www.sprich.ch\\\/it\\\/prodotti\\\/grigliati-profilati#primaryimage\"},\"image\":{\"@id\":\"https:\\\/\\\/www.sprich.ch\\\/it\\\/prodotti\\\/grigliati-profilati#primaryimage\"},\"thumbnailUrl\":\"https:\\\/\\\/www.sprich.ch\\\/wp-content\\\/uploads\\\/2025\\\/09\\\/sprich_Blechprofilroste_serrated_gitterroste_stahl_header_nr01_2025-1024x1024.jpg\",\"datePublished\":\"2025-09-26T08:55:03+00:00\",\"dateModified\":\"2026-03-18T13:16:39+00:00\",\"description\":\"Blechprofilroste von SPRICH \u00fcberbr\u00fccken grosse Spannweiten, bieten vielseitige Einsatzm\u00f6glichkeiten und erh\u00f6hen dank reduzierter Transparenz die Sicherheit auf Fluchtwegen.\",\"breadcrumb\":{\"@id\":\"https:\\\/\\\/www.sprich.ch\\\/it\\\/prodotti\\\/grigliati-profilati#breadcrumb\"},\"inLanguage\":\"it-IT\",\"potentialAction\":[{\"@type\":\"ReadAction\",\"target\":[\"https:\\\/\\\/www.sprich.ch\\\/it\\\/prodotti\\\/grigliati-profilati\"]}]},{\"@type\":\"ImageObject\",\"inLanguage\":\"it-IT\",\"@id\":\"https:\\\/\\\/www.sprich.ch\\\/it\\\/prodotti\\\/grigliati-profilati#primaryimage\",\"url\":\"https:\\\/\\\/www.sprich.ch\\\/wp-content\\\/uploads\\\/2025\\\/09\\\/sprich_Blechprofilroste_serrated_gitterroste_stahl_header_nr01_2025-1024x1024.jpg\",\"contentUrl\":\"https:\\\/\\\/www.sprich.ch\\\/wp-content\\\/uploads\\\/2025\\\/09\\\/sprich_Blechprofilroste_serrated_gitterroste_stahl_header_nr01_2025-1024x1024.jpg\"},{\"@type\":\"BreadcrumbList\",\"@id\":\"https:\\\/\\\/www.sprich.ch\\\/it\\\/prodotti\\\/grigliati-profilati#breadcrumb\",\"itemListElement\":[{\"@type\":\"ListItem\",\"position\":1,\"name\":\"Home\",\"item\":\"https:\\\/\\\/www.sprich.ch\\\/it\"},{\"@type\":\"ListItem\",\"position\":2,\"name\":\"I nostri prodotti\",\"item\":\"https:\\\/\\\/www.sprich.ch\\\/it\\\/produkte\"},{\"@type\":\"ListItem\",\"position\":3,\"name\":\"Grigliati profilati\"}]},{\"@type\":\"WebSite\",\"@id\":\"https:\\\/\\\/www.sprich.ch\\\/it#website\",\"url\":\"https:\\\/\\\/www.sprich.ch\\\/it\",\"name\":\"SPRICH\",\"description\":\"Gitterroste, Leitern, Treppen\",\"publisher\":{\"@id\":\"https:\\\/\\\/www.sprich.ch\\\/it#organization\"},\"potentialAction\":[{\"@type\":\"SearchAction\",\"target\":{\"@type\":\"EntryPoint\",\"urlTemplate\":\"https:\\\/\\\/www.sprich.ch\\\/it?s={search_term_string}\"},\"query-input\":{\"@type\":\"PropertyValueSpecification\",\"valueRequired\":true,\"valueName\":\"search_term_string\"}}],\"inLanguage\":\"it-IT\"},{\"@type\":\"Organization\",\"@id\":\"https:\\\/\\\/www.sprich.ch\\\/it#organization\",\"name\":\"SPRICH\",\"url\":\"https:\\\/\\\/www.sprich.ch\\\/it\",\"logo\":{\"@type\":\"ImageObject\",\"inLanguage\":\"it-IT\",\"@id\":\"https:\\\/\\\/www.sprich.ch\\\/it#\\\/schema\\\/logo\\\/image\\\/\",\"url\":\"https:\\\/\\\/www.sprich.ch\\\/wp-content\\\/uploads\\\/2025\\\/09\\\/Sprich_Logo_rgb_pos_quer_600dpi-1-scaled.png\",\"contentUrl\":\"https:\\\/\\\/www.sprich.ch\\\/wp-content\\\/uploads\\\/2025\\\/09\\\/Sprich_Logo_rgb_pos_quer_600dpi-1-scaled.png\",\"width\":2560,\"height\":695,\"caption\":\"SPRICH\"},\"image\":{\"@id\":\"https:\\\/\\\/www.sprich.ch\\\/it#\\\/schema\\\/logo\\\/image\\\/\"}}]}<\/script>\n<!-- \/ Yoast SEO Premium plugin. -->","yoast_head_json":{"title":"Grigliati profilati - SPRICH","description":"Blechprofilroste von SPRICH \u00fcberbr\u00fccken grosse Spannweiten, bieten vielseitige Einsatzm\u00f6glichkeiten und erh\u00f6hen dank reduzierter Transparenz die Sicherheit auf Fluchtwegen.","robots":{"index":"index","follow":"follow","max-snippet":"max-snippet:-1","max-image-preview":"max-image-preview:large","max-video-preview":"max-video-preview:-1"},"canonical":"https:\/\/www.sprich.ch\/it\/prodotti\/grigliati-profilati","og_locale":"it_IT","og_type":"article","og_title":"Grigliati profilati","og_description":"Blechprofilroste von SPRICH \u00fcberbr\u00fccken grosse Spannweiten, bieten vielseitige Einsatzm\u00f6glichkeiten und erh\u00f6hen dank reduzierter Transparenz die Sicherheit auf Fluchtwegen.","og_url":"https:\/\/www.sprich.ch\/it\/prodotti\/grigliati-profilati","og_site_name":"SPRICH","article_modified_time":"2026-03-18T13:16:39+00:00","og_image":[{"width":1160,"height":1160,"url":"https:\/\/www.sprich.ch\/wp-content\/uploads\/2025\/09\/sprich_Blechprofilroste_serrated_gitterroste_stahl_header_nr01_2025.jpg","type":"image\/jpeg"}],"twitter_card":"summary_large_image","twitter_misc":{"Tempo di lettura stimato":"2 minuti"},"schema":{"@context":"https:\/\/schema.org","@graph":[{"@type":"WebPage","@id":"https:\/\/www.sprich.ch\/it\/prodotti\/grigliati-profilati","url":"https:\/\/www.sprich.ch\/it\/prodotti\/grigliati-profilati","name":"Grigliati profilati - SPRICH","isPartOf":{"@id":"https:\/\/www.sprich.ch\/it#website"},"primaryImageOfPage":{"@id":"https:\/\/www.sprich.ch\/it\/prodotti\/grigliati-profilati#primaryimage"},"image":{"@id":"https:\/\/www.sprich.ch\/it\/prodotti\/grigliati-profilati#primaryimage"},"thumbnailUrl":"https:\/\/www.sprich.ch\/wp-content\/uploads\/2025\/09\/sprich_Blechprofilroste_serrated_gitterroste_stahl_header_nr01_2025-1024x1024.jpg","datePublished":"2025-09-26T08:55:03+00:00","dateModified":"2026-03-18T13:16:39+00:00","description":"Blechprofilroste von SPRICH \u00fcberbr\u00fccken grosse Spannweiten, bieten vielseitige Einsatzm\u00f6glichkeiten und erh\u00f6hen dank reduzierter Transparenz die Sicherheit auf Fluchtwegen.","breadcrumb":{"@id":"https:\/\/www.sprich.ch\/it\/prodotti\/grigliati-profilati#breadcrumb"},"inLanguage":"it-IT","potentialAction":[{"@type":"ReadAction","target":["https:\/\/www.sprich.ch\/it\/prodotti\/grigliati-profilati"]}]},{"@type":"ImageObject","inLanguage":"it-IT","@id":"https:\/\/www.sprich.ch\/it\/prodotti\/grigliati-profilati#primaryimage","url":"https:\/\/www.sprich.ch\/wp-content\/uploads\/2025\/09\/sprich_Blechprofilroste_serrated_gitterroste_stahl_header_nr01_2025-1024x1024.jpg","contentUrl":"https:\/\/www.sprich.ch\/wp-content\/uploads\/2025\/09\/sprich_Blechprofilroste_serrated_gitterroste_stahl_header_nr01_2025-1024x1024.jpg"},{"@type":"BreadcrumbList","@id":"https:\/\/www.sprich.ch\/it\/prodotti\/grigliati-profilati#breadcrumb","itemListElement":[{"@type":"ListItem","position":1,"name":"Home","item":"https:\/\/www.sprich.ch\/it"},{"@type":"ListItem","position":2,"name":"I nostri prodotti","item":"https:\/\/www.sprich.ch\/it\/produkte"},{"@type":"ListItem","position":3,"name":"Grigliati profilati"}]},{"@type":"WebSite","@id":"https:\/\/www.sprich.ch\/it#website","url":"https:\/\/www.sprich.ch\/it","name":"SPRICH","description":"Gitterroste, Leitern, Treppen","publisher":{"@id":"https:\/\/www.sprich.ch\/it#organization"},"potentialAction":[{"@type":"SearchAction","target":{"@type":"EntryPoint","urlTemplate":"https:\/\/www.sprich.ch\/it?s={search_term_string}"},"query-input":{"@type":"PropertyValueSpecification","valueRequired":true,"valueName":"search_term_string"}}],"inLanguage":"it-IT"},{"@type":"Organization","@id":"https:\/\/www.sprich.ch\/it#organization","name":"SPRICH","url":"https:\/\/www.sprich.ch\/it","logo":{"@type":"ImageObject","inLanguage":"it-IT","@id":"https:\/\/www.sprich.ch\/it#\/schema\/logo\/image\/","url":"https:\/\/www.sprich.ch\/wp-content\/uploads\/2025\/09\/Sprich_Logo_rgb_pos_quer_600dpi-1-scaled.png","contentUrl":"https:\/\/www.sprich.ch\/wp-content\/uploads\/2025\/09\/Sprich_Logo_rgb_pos_quer_600dpi-1-scaled.png","width":2560,"height":695,"caption":"SPRICH"},"image":{"@id":"https:\/\/www.sprich.ch\/it#\/schema\/logo\/image\/"}}]}},"_links":{"self":[{"href":"https:\/\/www.sprich.ch\/it\/wp-json\/wp\/v2\/pages\/7778","targetHints":{"allow":["GET"]}}],"collection":[{"href":"https:\/\/www.sprich.ch\/it\/wp-json\/wp\/v2\/pages"}],"about":[{"href":"https:\/\/www.sprich.ch\/it\/wp-json\/wp\/v2\/types\/page"}],"author":[{"embeddable":true,"href":"https:\/\/www.sprich.ch\/it\/wp-json\/wp\/v2\/users\/1"}],"replies":[{"embeddable":true,"href":"https:\/\/www.sprich.ch\/it\/wp-json\/wp\/v2\/comments?post=7778"}],"version-history":[{"count":27,"href":"https:\/\/www.sprich.ch\/it\/wp-json\/wp\/v2\/pages\/7778\/revisions"}],"predecessor-version":[{"id":31221,"href":"https:\/\/www.sprich.ch\/it\/wp-json\/wp\/v2\/pages\/7778\/revisions\/31221"}],"up":[{"embeddable":true,"href":"https:\/\/www.sprich.ch\/it\/wp-json\/wp\/v2\/pages\/11253"}],"wp:attachment":[{"href":"https:\/\/www.sprich.ch\/it\/wp-json\/wp\/v2\/media?parent=7778"}],"curies":[{"name":"wp","href":"https:\/\/api.w.org\/{rel}","templated":true}]}}