{"id":11212,"date":"2025-10-03T09:59:14","date_gmt":"2025-10-03T09:59:14","guid":{"rendered":"https:\/\/www.sprich.ch\/nostro-impegno\/"},"modified":"2026-03-11T10:38:00","modified_gmt":"2026-03-11T10:38:00","slug":"nostro-impegno","status":"publish","type":"page","link":"https:\/\/www.sprich.ch\/it\/impresa\/mondo-sprich\/nostro-impegno","title":{"rendered":"Nostro impegno"},"content":{"rendered":"\t\t<div data-elementor-type=\"wp-page\" data-elementor-id=\"11212\" class=\"elementor elementor-11212 elementor-1959\" data-elementor-post-type=\"page\">\n\t\t\t\t<div class=\"elementor-element elementor-element-1d09748 e-con-full e-flex wpr-particle-no wpr-jarallax-no wpr-parallax-no wpr-sticky-section-no wpr-equal-height-no e-con e-parent\" data-id=\"1d09748\" data-element_type=\"container\" data-e-type=\"container\" data-settings=\"{&quot;background_background&quot;:&quot;classic&quot;}\">\n\t\t\t\t<\/div>\n\t\t<div class=\"elementor-element elementor-element-61ce370 e-con-full e-flex wpr-particle-no wpr-jarallax-no wpr-parallax-no wpr-sticky-section-no wpr-equal-height-no e-con e-parent\" data-id=\"61ce370\" data-element_type=\"container\" data-e-type=\"container\">\n\t\t\t\t<div class=\"elementor-element elementor-element-42fc55b elementor-widget elementor-widget-spacer\" data-id=\"42fc55b\" data-element_type=\"widget\" data-e-type=\"widget\" data-widget_type=\"spacer.default\">\n\t\t\t\t\t\t\t<div class=\"elementor-spacer\">\n\t\t\t<div class=\"elementor-spacer-inner\"><\/div>\n\t\t<\/div>\n\t\t\t\t\t\t<\/div>\n\t\t\t\t<div class=\"elementor-element elementor-element-90756b6 elementor-widget elementor-widget-heading\" data-id=\"90756b6\" data-element_type=\"widget\" data-e-type=\"widget\" data-widget_type=\"heading.default\">\n\t\t\t\t\t<h2 class=\"elementor-heading-title elementor-size-default\">NOSTRO IMPEGNO<\/h2>\t\t\t\t<\/div>\n\t\t\t\t<div class=\"elementor-element elementor-element-5f5d8b1 elementor-widget-divider--view-line elementor-widget elementor-widget-divider\" data-id=\"5f5d8b1\" data-element_type=\"widget\" data-e-type=\"widget\" data-widget_type=\"divider.default\">\n\t\t\t\t\t\t\t<div class=\"elementor-divider\">\n\t\t\t<span class=\"elementor-divider-separator\">\n\t\t\t\t\t\t<\/span>\n\t\t<\/div>\n\t\t\t\t\t\t<\/div>\n\t\t\t\t<div class=\"elementor-element elementor-element-29d18dc elementor-widget elementor-widget-text-editor\" data-id=\"29d18dc\" data-element_type=\"widget\" data-e-type=\"widget\" data-widget_type=\"text-editor.default\">\n\t\t\t\t\t\t\t\t\t<p>Ci impegniamo per restituire alla societ\u00e0 una parte del nostro risultato. Attribuiamo grande importanza ad un mix variegato: sponsorizzazioni materiali, sponsorizzazioni sportive (giovani, junior, adulti) o sponsorizzazioni nel campo educativo.<\/p>\n<p>Naturalmente, il collegamento locale e regionale con la Svizzera riveste un ruolo importante perch\u00e9 ci consente di mantenere il contatto con i nostri partner. Di seguito, potete leggere di pi\u00f9 sulle nostre attuali sponsorizzazioni e adesioni, ma anche sugli impegni precedenti.<\/p>\n\t\t\t\t\t\t\t\t<\/div>\n\t\t\t\t<div class=\"elementor-element elementor-element-c3260e7 elementor-widget elementor-widget-n-accordion\" data-id=\"c3260e7\" data-element_type=\"widget\" data-e-type=\"widget\" data-settings=\"{&quot;default_state&quot;:&quot;expanded&quot;,&quot;max_items_expended&quot;:&quot;one&quot;,&quot;n_accordion_animation_duration&quot;:{&quot;unit&quot;:&quot;ms&quot;,&quot;size&quot;:400,&quot;sizes&quot;:[]}}\" data-widget_type=\"nested-accordion.default\">\n\t\t\t\t\t\t\t<div class=\"e-n-accordion\" aria-label=\"Accordion. Open links with Enter or Space, close with Escape, and navigate with Arrow Keys\">\n\t\t\t\t\t\t<details id=\"e-n-accordion-item-2040\" class=\"e-n-accordion-item\" open>\n\t\t\t\t<summary class=\"e-n-accordion-item-title\" data-accordion-index=\"1\" tabindex=\"0\" aria-expanded=\"true\" aria-controls=\"e-n-accordion-item-2040\" >\n\t\t\t\t\t<span class='e-n-accordion-item-title-header'><div class=\"e-n-accordion-item-title-text\"> SPONSORIZZAZIONI ATTUALI <\/div><\/span>\n\t\t\t\t\t\t\t<span class='e-n-accordion-item-title-icon'>\n\t\t\t<span class='e-opened' ><svg aria-hidden=\"true\" class=\"e-font-icon-svg e-fas-chevron-up\" viewBox=\"0 0 448 512\" xmlns=\"http:\/\/www.w3.org\/2000\/svg\"><path d=\"M240.971 130.524l194.343 194.343c9.373 9.373 9.373 24.569 0 33.941l-22.667 22.667c-9.357 9.357-24.522 9.375-33.901.04L224 227.495 69.255 381.516c-9.379 9.335-24.544 9.317-33.901-.04l-22.667-22.667c-9.373-9.373-9.373-24.569 0-33.941L207.03 130.525c9.372-9.373 24.568-9.373 33.941-.001z\"><\/path><\/svg><\/span>\n\t\t\t<span class='e-closed'><svg aria-hidden=\"true\" class=\"e-font-icon-svg e-fas-chevron-right\" viewBox=\"0 0 320 512\" xmlns=\"http:\/\/www.w3.org\/2000\/svg\"><path d=\"M285.476 272.971L91.132 467.314c-9.373 9.373-24.569 9.373-33.941 0l-22.667-22.667c-9.357-9.357-9.375-24.522-.04-33.901L188.505 256 34.484 101.255c-9.335-9.379-9.317-24.544.04-33.901l22.667-22.667c9.373-9.373 24.569-9.373 33.941 0L285.475 239.03c9.373 9.372 9.373 24.568.001 33.941z\"><\/path><\/svg><\/span>\n\t\t<\/span>\n\n\t\t\t\t\t\t<\/summary>\n\t\t\t\t<div role=\"region\" aria-labelledby=\"e-n-accordion-item-2040\" class=\"elementor-element elementor-element-94fd438 e-con-full e-flex wpr-particle-no wpr-jarallax-no wpr-parallax-no wpr-sticky-section-no wpr-equal-height-no e-con e-child\" data-id=\"94fd438\" data-element_type=\"container\" data-e-type=\"container\">\n\t\t<div role=\"region\" aria-labelledby=\"e-n-accordion-item-2040\" class=\"elementor-element elementor-element-331c79d e-con-full e-flex wpr-particle-no wpr-jarallax-no wpr-parallax-no wpr-sticky-section-no wpr-equal-height-no e-con e-child\" data-id=\"331c79d\" data-element_type=\"container\" data-e-type=\"container\">\n\t\t<div role=\"region\" aria-labelledby=\"e-n-accordion-item-2040\" class=\"elementor-element elementor-element-fea27f2 e-grid e-con-full wpr-particle-no wpr-jarallax-no wpr-parallax-no wpr-sticky-section-no wpr-equal-height-no e-con e-child\" data-id=\"fea27f2\" data-element_type=\"container\" data-e-type=\"container\">\n\t\t<div role=\"region\" aria-labelledby=\"e-n-accordion-item-2040\" class=\"elementor-element elementor-element-400d0e5 e-con-full e-flex wpr-particle-no wpr-jarallax-no wpr-parallax-no wpr-sticky-section-no wpr-equal-height-no e-con e-child\" data-id=\"400d0e5\" data-element_type=\"container\" data-e-type=\"container\">\n\t\t\t\t<div class=\"elementor-element elementor-element-94fe9e6 elementor-widget elementor-widget-heading\" data-id=\"94fe9e6\" data-element_type=\"widget\" data-e-type=\"widget\" data-widget_type=\"heading.default\">\n\t\t\t\t\t<h2 class=\"elementor-heading-title elementor-size-default\">EVZ<\/h2>\t\t\t\t<\/div>\n\t\t\t\t<div class=\"elementor-element elementor-element-0001480 elementor-widget elementor-widget-text-editor\" data-id=\"0001480\" data-element_type=\"widget\" data-e-type=\"widget\" data-widget_type=\"text-editor.default\">\n\t\t\t\t\t\t\t\t\t<p data-start=\"108\" data-end=\"502\"><strong>Siamo lieti di annunciare che supporteremo l\u2019EVZ Zugo come sponsor bronzo. Questa partnership riflette il nostro profondo impegno per lo sport locale e sottolinea il nostro desiderio di promuovere e rafforzare la comunit\u00e0. L\u2019EVZ Zugo \u00e8 una parte importante della nostra regione e siamo orgogliosi di accompagnare questo dinamico club di hockey su ghiaccio nel suo percorso verso nuovi successi.<\/strong><\/p>\n<p><\/p>\n<p data-start=\"504\" data-end=\"802\">L\u2019EVZ Zugo \u00e8 stato fondato nel 1967 e da allora si \u00e8 affermato come una delle squadre di punta dell\u2019hockey su ghiaccio svizzero. Il club ha gi\u00e0 vinto tre titoli di campione svizzero, l\u2019ultimo nel 2022. Particolarmente significativa per noi \u00e8 l\u2019attenzione dedicata allo sviluppo dei giovani talenti.<\/p>\n<p><\/p>\n<p data-start=\"804\" data-end=\"960\">Per noi, questa partnership significa molto pi\u00f9 di un semplice sostegno finanziario. Siamo molto felici di vivere la prossima stagione insieme all\u2019EVZ Zugo.<\/p>\n<p><\/p>\n<p data-start=\"804\" data-end=\"960\"><em><a href=\"https:\/\/www.evz.ch\/\" target=\"_blank\" rel=\"noopener\">evz.ch<\/a><\/em><\/p>\n\t\t\t\t\t\t\t\t<\/div>\n\t\t\t\t<\/div>\n\t\t\t\t<div class=\"elementor-element elementor-element-424e068 elementor-widget elementor-widget-image\" data-id=\"424e068\" data-element_type=\"widget\" data-e-type=\"widget\" data-widget_type=\"image.default\">\n\t\t\t\t\t\t\t\t\t\t\t\t\t\t\t\t<a href=\"https:\/\/www.evz.ch\/\" target=\"_blank\">\n\t\t\t\t\t\t\t<img fetchpriority=\"high\" decoding=\"async\" width=\"1024\" height=\"576\" src=\"https:\/\/www.sprich.ch\/wp-content\/uploads\/2026\/02\/EVZ_Sponsoring-1024x576.jpg\" class=\"attachment-large size-large wp-image-30141\" alt=\"\" srcset=\"https:\/\/www.sprich.ch\/wp-content\/uploads\/2026\/02\/EVZ_Sponsoring-1024x576.jpg 1024w, https:\/\/www.sprich.ch\/wp-content\/uploads\/2026\/02\/EVZ_Sponsoring-300x169.jpg 300w, https:\/\/www.sprich.ch\/wp-content\/uploads\/2026\/02\/EVZ_Sponsoring-768x432.jpg 768w, https:\/\/www.sprich.ch\/wp-content\/uploads\/2026\/02\/EVZ_Sponsoring-1536x864.jpg 1536w, https:\/\/www.sprich.ch\/wp-content\/uploads\/2026\/02\/EVZ_Sponsoring-800x450.jpg 800w, https:\/\/www.sprich.ch\/wp-content\/uploads\/2026\/02\/EVZ_Sponsoring.jpg 1920w\" sizes=\"(max-width: 1024px) 100vw, 1024px\" \/>\t\t\t\t\t\t\t\t<\/a>\n\t\t\t\t\t\t\t\t\t\t\t\t\t\t\t<\/div>\n\t\t\t\t<\/div>\n\t\t\t\t<div class=\"elementor-element elementor-element-183816d elementor-widget elementor-widget-spacer\" data-id=\"183816d\" data-element_type=\"widget\" data-e-type=\"widget\" data-widget_type=\"spacer.default\">\n\t\t\t\t\t\t\t<div class=\"elementor-spacer\">\n\t\t\t<div class=\"elementor-spacer-inner\"><\/div>\n\t\t<\/div>\n\t\t\t\t\t\t<\/div>\n\t\t<div role=\"region\" aria-labelledby=\"e-n-accordion-item-2040\" class=\"elementor-element elementor-element-69c57b8 e-grid e-con-full wpr-particle-no wpr-jarallax-no wpr-parallax-no wpr-sticky-section-no wpr-equal-height-no e-con e-child\" data-id=\"69c57b8\" data-element_type=\"container\" data-e-type=\"container\">\n\t\t<div role=\"region\" aria-labelledby=\"e-n-accordion-item-2040\" class=\"elementor-element elementor-element-b1e609d e-con-full e-flex wpr-particle-no wpr-jarallax-no wpr-parallax-no wpr-sticky-section-no wpr-equal-height-no e-con e-child\" data-id=\"b1e609d\" data-element_type=\"container\" data-e-type=\"container\">\n\t\t\t\t<div class=\"elementor-element elementor-element-39ef31e elementor-widget elementor-widget-heading\" data-id=\"39ef31e\" data-element_type=\"widget\" data-e-type=\"widget\" data-widget_type=\"heading.default\">\n\t\t\t\t\t<h2 class=\"elementor-heading-title elementor-size-default\">Torneo di Zugerland 2026<\/h2>\t\t\t\t<\/div>\n\t\t\t\t<div class=\"elementor-element elementor-element-e2b46a3 elementor-widget elementor-widget-text-editor\" data-id=\"e2b46a3\" data-element_type=\"widget\" data-e-type=\"widget\" data-widget_type=\"text-editor.default\">\n\t\t\t\t\t\t\t\t\t<p><strong>Sosteniamo il Torneo di Zugerland 2026 in qualit\u00e0 di sponsor. Con il nostro contributo finanziario contribuiamo a garantire il buon svolgimento di questo torneo di calcio giovanile a orientamento internazionale nella regione di Zugo.<\/strong><\/p>\n<p>Il 32\u00b0 Torneo Internazionale di Zugerland si terr\u00e0 sabato di Pentecoste, 23 maggio 2026. Circa 2&#8217;000 giovani calciatrici e calciatori dalla Svizzera e dall\u2019estero si sfideranno in diverse sedi della regione di Zugo.<\/p>\n<p><a href=\"http:\/\/www.sccham.ch\"><em>sccham.ch<\/em><\/a><\/p>\n\t\t\t\t\t\t\t\t<\/div>\n\t\t\t\t<\/div>\n\t\t\t\t<div class=\"elementor-element elementor-element-cbdcabc elementor-widget elementor-widget-image\" data-id=\"cbdcabc\" data-element_type=\"widget\" data-e-type=\"widget\" data-widget_type=\"image.default\">\n\t\t\t\t\t\t\t\t\t\t\t\t\t\t\t\t<a href=\"http:\/\/www.sccham.ch\" target=\"_blank\">\n\t\t\t\t\t\t\t<img decoding=\"async\" width=\"1024\" height=\"600\" src=\"https:\/\/www.sprich.ch\/wp-content\/uploads\/2026\/03\/Logo_ZLT-1024x600.jpg\" class=\"attachment-large size-large wp-image-30565\" alt=\"\" srcset=\"https:\/\/www.sprich.ch\/wp-content\/uploads\/2026\/03\/Logo_ZLT-1024x600.jpg 1024w, https:\/\/www.sprich.ch\/wp-content\/uploads\/2026\/03\/Logo_ZLT-300x176.jpg 300w, https:\/\/www.sprich.ch\/wp-content\/uploads\/2026\/03\/Logo_ZLT-768x450.jpg 768w, https:\/\/www.sprich.ch\/wp-content\/uploads\/2026\/03\/Logo_ZLT.jpg 1180w\" sizes=\"(max-width: 1024px) 100vw, 1024px\" \/>\t\t\t\t\t\t\t\t<\/a>\n\t\t\t\t\t\t\t\t\t\t\t\t\t\t\t<\/div>\n\t\t\t\t<\/div>\n\t\t\t\t<div class=\"elementor-element elementor-element-ba38cc4 elementor-widget elementor-widget-spacer\" data-id=\"ba38cc4\" data-element_type=\"widget\" data-e-type=\"widget\" data-widget_type=\"spacer.default\">\n\t\t\t\t\t\t\t<div class=\"elementor-spacer\">\n\t\t\t<div class=\"elementor-spacer-inner\"><\/div>\n\t\t<\/div>\n\t\t\t\t\t\t<\/div>\n\t\t<div role=\"region\" aria-labelledby=\"e-n-accordion-item-2040\" class=\"elementor-element elementor-element-a7acc16 e-grid e-con-full wpr-particle-no wpr-jarallax-no wpr-parallax-no wpr-sticky-section-no wpr-equal-height-no e-con e-child\" data-id=\"a7acc16\" data-element_type=\"container\" data-e-type=\"container\">\n\t\t<div role=\"region\" aria-labelledby=\"e-n-accordion-item-2040\" class=\"elementor-element elementor-element-a968a1c e-con-full e-flex wpr-particle-no wpr-jarallax-no wpr-parallax-no wpr-sticky-section-no wpr-equal-height-no e-con e-child\" data-id=\"a968a1c\" data-element_type=\"container\" data-e-type=\"container\">\n\t\t\t\t<div class=\"elementor-element elementor-element-a7ecb74 elementor-widget elementor-widget-heading\" data-id=\"a7ecb74\" data-element_type=\"widget\" data-e-type=\"widget\" data-widget_type=\"heading.default\">\n\t\t\t\t\t<h2 class=\"elementor-heading-title elementor-size-default\">4er Elite Kunstrad Baar\u200b<\/h2>\t\t\t\t<\/div>\n\t\t\t\t<div class=\"elementor-element elementor-element-ae718f5 elementor-widget elementor-widget-text-editor\" data-id=\"ae718f5\" data-element_type=\"widget\" data-e-type=\"widget\" data-widget_type=\"text-editor.default\">\n\t\t\t\t\t\t\t\t\t<p><strong>Con il 4er Elite Kunstrad Baar sosteniamo un team locale di ciclismo artistico di Baar, che vive il ciclismo in palestra con grande impegno. Poiche la partecipazione a competizioni internazionali e legata a costi elevati, tali partnership sono una parte importante per garantire a lungo termine l\u2019allenamento e l\u2019attivita agonistica.<\/strong><\/p>\n<p>Dal punto di vista sportivo, il palmares parla da se: medaglie ai campionati svizzeri nella categoria elite 2025, medaglie ai campionati svizzeri nella categoria junior dal 2022 al 2025 nonche medaglie ai campionati europei 2024 e 2025. Nella categoria scolari si aggiungono medaglie ai campionati svizzeri 2021.<\/p>\n<p>Il team persegue l\u2019obiettivo di raggiungere il vertice mondiale e pianifica, tra l\u2019altro, partecipazioni a Coppe del Mondo nonche qualificazioni per campionati europei e mondiali.<\/p>\n<p><a href=\"https:\/\/www.4erelitekunstradbaar.ch\/\" target=\"_blank\" rel=\"noopener\"><em>4erelitekunstradbaar.ch<\/em><\/a><\/p>\n\t\t\t\t\t\t\t\t<\/div>\n\t\t\t\t<\/div>\n\t\t\t\t<div class=\"elementor-element elementor-element-246c22c elementor-widget elementor-widget-image\" data-id=\"246c22c\" data-element_type=\"widget\" data-e-type=\"widget\" data-widget_type=\"image.default\">\n\t\t\t\t\t\t\t\t\t\t\t\t\t\t\t\t<a href=\"https:\/\/www.4erelitekunstradbaar.ch\/\" target=\"_blank\">\n\t\t\t\t\t\t\t<img decoding=\"async\" width=\"1024\" height=\"576\" src=\"https:\/\/www.sprich.ch\/wp-content\/uploads\/2026\/02\/4er_Kunstrad_Baar_Sponsoring-1024x576.jpg\" class=\"attachment-large size-large wp-image-30142\" alt=\"\" srcset=\"https:\/\/www.sprich.ch\/wp-content\/uploads\/2026\/02\/4er_Kunstrad_Baar_Sponsoring-1024x576.jpg 1024w, https:\/\/www.sprich.ch\/wp-content\/uploads\/2026\/02\/4er_Kunstrad_Baar_Sponsoring-300x169.jpg 300w, https:\/\/www.sprich.ch\/wp-content\/uploads\/2026\/02\/4er_Kunstrad_Baar_Sponsoring-768x432.jpg 768w, https:\/\/www.sprich.ch\/wp-content\/uploads\/2026\/02\/4er_Kunstrad_Baar_Sponsoring-1536x864.jpg 1536w, https:\/\/www.sprich.ch\/wp-content\/uploads\/2026\/02\/4er_Kunstrad_Baar_Sponsoring-800x450.jpg 800w, https:\/\/www.sprich.ch\/wp-content\/uploads\/2026\/02\/4er_Kunstrad_Baar_Sponsoring.jpg 1920w\" sizes=\"(max-width: 1024px) 100vw, 1024px\" \/>\t\t\t\t\t\t\t\t<\/a>\n\t\t\t\t\t\t\t\t\t\t\t\t\t\t\t<\/div>\n\t\t\t\t<\/div>\n\t\t\t\t<div class=\"elementor-element elementor-element-50a511d elementor-widget elementor-widget-spacer\" data-id=\"50a511d\" data-element_type=\"widget\" data-e-type=\"widget\" data-widget_type=\"spacer.default\">\n\t\t\t\t\t\t\t<div class=\"elementor-spacer\">\n\t\t\t<div class=\"elementor-spacer-inner\"><\/div>\n\t\t<\/div>\n\t\t\t\t\t\t<\/div>\n\t\t<div role=\"region\" aria-labelledby=\"e-n-accordion-item-2040\" class=\"elementor-element elementor-element-1cd96dd e-grid e-con-full wpr-particle-no wpr-jarallax-no wpr-parallax-no wpr-sticky-section-no wpr-equal-height-no e-con e-child\" data-id=\"1cd96dd\" data-element_type=\"container\" data-e-type=\"container\">\n\t\t<div role=\"region\" aria-labelledby=\"e-n-accordion-item-2040\" class=\"elementor-element elementor-element-e8eecb0 e-con-full e-flex wpr-particle-no wpr-jarallax-no wpr-parallax-no wpr-sticky-section-no wpr-equal-height-no e-con e-child\" data-id=\"e8eecb0\" data-element_type=\"container\" data-e-type=\"container\">\n\t\t\t\t<div class=\"elementor-element elementor-element-18820e9 elementor-widget elementor-widget-heading\" data-id=\"18820e9\" data-element_type=\"widget\" data-e-type=\"widget\" data-widget_type=\"heading.default\">\n\t\t\t\t\t<h2 class=\"elementor-heading-title elementor-size-default\">103a Festa cantonale urana di lotta svizzera 2026, Fl\u00fcelen<\/h2>\t\t\t\t<\/div>\n\t\t\t\t<div class=\"elementor-element elementor-element-50ccf63 elementor-widget elementor-widget-text-editor\" data-id=\"50ccf63\" data-element_type=\"widget\" data-e-type=\"widget\" data-widget_type=\"text-editor.default\">\n\t\t\t\t\t\t\t\t\t<p>Sosteniamo la 103a Festa cantonale urana di lotta svizzera 2026 a Fl\u00fcelen in qualit\u00e0 di sponsor. Questa festa di lotta svizzera rappresenta tradizione, rispetto e un forte legame con il territorio \u2013 valori che contano anche per SPRICH. Per questo siamo lieti di contribuire a questo grande evento profondamente radicato nella regione.<\/p>\n<p>Il fine settimana della festa inizia con il Corpus Domini, gioved\u00ec 4 giugno 2026, e culmina sabato 6 giugno 2026 con la Festa cantonale urana di lotta svizzera. Auguriamo al comitato organizzatore e a tutte le persone coinvolte una manifestazione di successo \u2013 e a tutte le visitatrici e a tutti i visitatori momenti indimenticabili a Fl\u00fcelen.<\/p>\n<p><a href=\"https:\/\/www.uksf2026.ch\/\">uksf2026.ch<\/a><\/p>\n\t\t\t\t\t\t\t\t<\/div>\n\t\t\t\t<\/div>\n\t\t\t\t<div class=\"elementor-element elementor-element-b097071 elementor-widget elementor-widget-image\" data-id=\"b097071\" data-element_type=\"widget\" data-e-type=\"widget\" data-widget_type=\"image.default\">\n\t\t\t\t\t\t\t\t\t\t\t\t\t\t\t\t<a href=\"https:\/\/www.uksf2026.ch\/\" target=\"_blank\">\n\t\t\t\t\t\t\t<img loading=\"lazy\" decoding=\"async\" width=\"1024\" height=\"576\" src=\"https:\/\/www.sprich.ch\/wp-content\/uploads\/2026\/02\/103_Urner_Schwingfest-1024x576.jpg\" class=\"attachment-large size-large wp-image-30347\" alt=\"\" srcset=\"https:\/\/www.sprich.ch\/wp-content\/uploads\/2026\/02\/103_Urner_Schwingfest-1024x576.jpg 1024w, https:\/\/www.sprich.ch\/wp-content\/uploads\/2026\/02\/103_Urner_Schwingfest-300x169.jpg 300w, https:\/\/www.sprich.ch\/wp-content\/uploads\/2026\/02\/103_Urner_Schwingfest-768x432.jpg 768w, https:\/\/www.sprich.ch\/wp-content\/uploads\/2026\/02\/103_Urner_Schwingfest-1536x864.jpg 1536w, https:\/\/www.sprich.ch\/wp-content\/uploads\/2026\/02\/103_Urner_Schwingfest-800x450.jpg 800w, https:\/\/www.sprich.ch\/wp-content\/uploads\/2026\/02\/103_Urner_Schwingfest.jpg 1920w\" sizes=\"(max-width: 1024px) 100vw, 1024px\" \/>\t\t\t\t\t\t\t\t<\/a>\n\t\t\t\t\t\t\t\t\t\t\t\t\t\t\t<\/div>\n\t\t\t\t<\/div>\n\t\t\t\t<div class=\"elementor-element elementor-element-0bad7d1 elementor-widget elementor-widget-spacer\" data-id=\"0bad7d1\" data-element_type=\"widget\" data-e-type=\"widget\" data-widget_type=\"spacer.default\">\n\t\t\t\t\t\t\t<div class=\"elementor-spacer\">\n\t\t\t<div class=\"elementor-spacer-inner\"><\/div>\n\t\t<\/div>\n\t\t\t\t\t\t<\/div>\n\t\t<div role=\"region\" aria-labelledby=\"e-n-accordion-item-2040\" class=\"elementor-element elementor-element-801fec5 e-grid e-con-full wpr-particle-no wpr-jarallax-no wpr-parallax-no wpr-sticky-section-no wpr-equal-height-no e-con e-child\" data-id=\"801fec5\" data-element_type=\"container\" data-e-type=\"container\">\n\t\t<div role=\"region\" aria-labelledby=\"e-n-accordion-item-2040\" class=\"elementor-element elementor-element-bd73dee e-con-full e-flex wpr-particle-no wpr-jarallax-no wpr-parallax-no wpr-sticky-section-no wpr-equal-height-no e-con e-child\" data-id=\"bd73dee\" data-element_type=\"container\" data-e-type=\"container\">\n\t\t\t\t<div class=\"elementor-element elementor-element-edfbae9 elementor-widget elementor-widget-heading\" data-id=\"edfbae9\" data-element_type=\"widget\" data-e-type=\"widget\" data-widget_type=\"heading.default\">\n\t\t\t\t\t<h2 class=\"elementor-heading-title elementor-size-default\">Feste di Hornuss 2026 - B\u00fcren zum Hof<\/h2>\t\t\t\t<\/div>\n\t\t\t\t<div class=\"elementor-element elementor-element-6cc13c7 elementor-widget elementor-widget-text-editor\" data-id=\"6cc13c7\" data-element_type=\"widget\" data-e-type=\"widget\" data-widget_type=\"text-editor.default\">\n\t\t\t\t\t\t\t\t\t<p><strong>Sosteniamo le Hornusserfeste 2026 a B\u00fcren zum Hof e quindi lo sport nazionale svizzero Hornussen, che unisce sport, tradizione ed esperienza.<\/strong><\/p>\n<p>In due fine settimana di festa, nel 2026 a B\u00fcren zum Hof partecipano oltre 3&#8217;000 hornusser attive e hornusser attivi. Sono attesi circa 5&#8217;000 visitatrici e visitatori su un\u2019area di oltre 40 campi da calcio. :contentReference[oaicite:0]{index=0}<\/p>\n<p>Le Hornusserfeste 2026 si svolgono il 21.\/22.\/23. e il 28.\/29.\/30. agosto 2026.<\/p>\n<p><a href=\"https:\/\/hornusser.ch\/\" target=\"_blank\" rel=\"noopener\">hornusser.ch<\/a><\/p>\n\t\t\t\t\t\t\t\t<\/div>\n\t\t\t\t<\/div>\n\t\t\t\t<div class=\"elementor-element elementor-element-0ca5a31 elementor-widget elementor-widget-image\" data-id=\"0ca5a31\" data-element_type=\"widget\" data-e-type=\"widget\" data-widget_type=\"image.default\">\n\t\t\t\t\t\t\t\t\t\t\t\t\t\t\t\t<a href=\"https:\/\/hornusser.ch\/\" target=\"_blank\">\n\t\t\t\t\t\t\t<img loading=\"lazy\" decoding=\"async\" width=\"1024\" height=\"576\" src=\"https:\/\/www.sprich.ch\/wp-content\/uploads\/2026\/02\/Hurnusserfeste_Bueren_im_Hof-1024x576.jpg\" class=\"attachment-large size-large wp-image-30144\" alt=\"\" srcset=\"https:\/\/www.sprich.ch\/wp-content\/uploads\/2026\/02\/Hurnusserfeste_Bueren_im_Hof-1024x576.jpg 1024w, https:\/\/www.sprich.ch\/wp-content\/uploads\/2026\/02\/Hurnusserfeste_Bueren_im_Hof-300x169.jpg 300w, https:\/\/www.sprich.ch\/wp-content\/uploads\/2026\/02\/Hurnusserfeste_Bueren_im_Hof-768x432.jpg 768w, https:\/\/www.sprich.ch\/wp-content\/uploads\/2026\/02\/Hurnusserfeste_Bueren_im_Hof-1536x864.jpg 1536w, https:\/\/www.sprich.ch\/wp-content\/uploads\/2026\/02\/Hurnusserfeste_Bueren_im_Hof-800x450.jpg 800w, https:\/\/www.sprich.ch\/wp-content\/uploads\/2026\/02\/Hurnusserfeste_Bueren_im_Hof.jpg 1920w\" sizes=\"(max-width: 1024px) 100vw, 1024px\" \/>\t\t\t\t\t\t\t\t<\/a>\n\t\t\t\t\t\t\t\t\t\t\t\t\t\t\t<\/div>\n\t\t\t\t<\/div>\n\t\t\t\t<div class=\"elementor-element elementor-element-3c48ca5 elementor-widget elementor-widget-spacer\" data-id=\"3c48ca5\" data-element_type=\"widget\" data-e-type=\"widget\" data-widget_type=\"spacer.default\">\n\t\t\t\t\t\t\t<div class=\"elementor-spacer\">\n\t\t\t<div class=\"elementor-spacer-inner\"><\/div>\n\t\t<\/div>\n\t\t\t\t\t\t<\/div>\n\t\t<div role=\"region\" aria-labelledby=\"e-n-accordion-item-2040\" class=\"elementor-element elementor-element-367e8f8 e-grid e-con-full wpr-particle-no wpr-jarallax-no wpr-parallax-no wpr-sticky-section-no wpr-equal-height-no e-con e-child\" data-id=\"367e8f8\" data-element_type=\"container\" data-e-type=\"container\">\n\t\t<div role=\"region\" aria-labelledby=\"e-n-accordion-item-2040\" class=\"elementor-element elementor-element-0d18de7 e-con-full e-flex wpr-particle-no wpr-jarallax-no wpr-parallax-no wpr-sticky-section-no wpr-equal-height-no e-con e-child\" data-id=\"0d18de7\" data-element_type=\"container\" data-e-type=\"container\">\n\t\t\t\t<div class=\"elementor-element elementor-element-b3c7ee4 elementor-widget elementor-widget-heading\" data-id=\"b3c7ee4\" data-element_type=\"widget\" data-e-type=\"widget\" data-widget_type=\"heading.default\">\n\t\t\t\t\t<h2 class=\"elementor-heading-title elementor-size-default\">Chottlebotzer\u2019s Schnopf- ond Hudig\u00e4\u00e4ggeler-F\u00e4scht<\/h2>\t\t\t\t<\/div>\n\t\t\t\t<div class=\"elementor-element elementor-element-f6a3266 elementor-widget elementor-widget-text-editor\" data-id=\"f6a3266\" data-element_type=\"widget\" data-e-type=\"widget\" data-widget_type=\"text-editor.default\">\n\t\t\t\t\t\t\t\t\t<p><strong>Il nostro sponsorizzazione sostiene il Chottlebotzer\u2019s Schnopf- ond Hudig\u00e4\u00e4ggeler-F\u00e4scht allo Stadtkeller di Lucerna. L\u2019evento pre-carnevalesco riunisce atmosfera carnevalesca, musica e convivialita ed e fortemente radicato nella regione.<\/strong><\/p>\n<p>Sabato 31 gennaio 2026 si terra gia la 15a edizione. Dopo quattordici edizioni tutte esaurite, il comitato organizzatore si aspetta un\u2019altra serata all\u2019insegna della convivialita carnevalesca, con una piccola formazione, hudigaggeler l\u00fcpfig e le esibizioni dei Chottlebotzer.<\/p>\n<p>Con questo impegno sosteniamo consapevolmente la cultura regionale e le associazioni che, con grande dedizione, mantengono vive le tradizioni e uniscono le persone.<\/p>\n<p><em><span style=\"text-decoration: underline;\"><a href=\"https:\/\/www.chottlebotzer.ch\/schnopffaescht\/\" target=\"_blank\" rel=\"noopener\">chottlebotzer.ch\/schnopffaescht\/<\/a><\/span><\/em><\/p>\n\t\t\t\t\t\t\t\t<\/div>\n\t\t\t\t<\/div>\n\t\t\t\t<div class=\"elementor-element elementor-element-dea03f1 elementor-widget elementor-widget-image\" data-id=\"dea03f1\" data-element_type=\"widget\" data-e-type=\"widget\" data-widget_type=\"image.default\">\n\t\t\t\t\t\t\t\t\t\t\t\t\t\t\t\t<a href=\"https:\/\/www.chottlebotzer.ch\/schnopffaescht\/\" target=\"_blank\">\n\t\t\t\t\t\t\t<img loading=\"lazy\" decoding=\"async\" width=\"1024\" height=\"576\" src=\"https:\/\/www.sprich.ch\/wp-content\/uploads\/2026\/02\/Chottlebotzers_Schnopf_ond_Hudigaeaeggeler_Faescht\u200b-1024x576.jpg\" class=\"attachment-large size-large wp-image-30143\" alt=\"\" srcset=\"https:\/\/www.sprich.ch\/wp-content\/uploads\/2026\/02\/Chottlebotzers_Schnopf_ond_Hudigaeaeggeler_Faescht\u200b-1024x576.jpg 1024w, https:\/\/www.sprich.ch\/wp-content\/uploads\/2026\/02\/Chottlebotzers_Schnopf_ond_Hudigaeaeggeler_Faescht\u200b-300x169.jpg 300w, https:\/\/www.sprich.ch\/wp-content\/uploads\/2026\/02\/Chottlebotzers_Schnopf_ond_Hudigaeaeggeler_Faescht\u200b-768x432.jpg 768w, https:\/\/www.sprich.ch\/wp-content\/uploads\/2026\/02\/Chottlebotzers_Schnopf_ond_Hudigaeaeggeler_Faescht\u200b-1536x864.jpg 1536w, https:\/\/www.sprich.ch\/wp-content\/uploads\/2026\/02\/Chottlebotzers_Schnopf_ond_Hudigaeaeggeler_Faescht\u200b-800x450.jpg 800w, https:\/\/www.sprich.ch\/wp-content\/uploads\/2026\/02\/Chottlebotzers_Schnopf_ond_Hudigaeaeggeler_Faescht\u200b.jpg 1920w\" sizes=\"(max-width: 1024px) 100vw, 1024px\" \/>\t\t\t\t\t\t\t\t<\/a>\n\t\t\t\t\t\t\t\t\t\t\t\t\t\t\t<\/div>\n\t\t\t\t<\/div>\n\t\t\t\t<div class=\"elementor-element elementor-element-6968e43 elementor-widget elementor-widget-spacer\" data-id=\"6968e43\" data-element_type=\"widget\" data-e-type=\"widget\" data-widget_type=\"spacer.default\">\n\t\t\t\t\t\t\t<div class=\"elementor-spacer\">\n\t\t\t<div class=\"elementor-spacer-inner\"><\/div>\n\t\t<\/div>\n\t\t\t\t\t\t<\/div>\n\t\t<div role=\"region\" aria-labelledby=\"e-n-accordion-item-2040\" class=\"elementor-element elementor-element-1d706b0 e-grid e-con-full wpr-particle-no wpr-jarallax-no wpr-parallax-no wpr-sticky-section-no wpr-equal-height-no e-con e-child\" data-id=\"1d706b0\" data-element_type=\"container\" data-e-type=\"container\">\n\t\t<div role=\"region\" aria-labelledby=\"e-n-accordion-item-2040\" class=\"elementor-element elementor-element-57ff29d e-con-full e-flex wpr-particle-no wpr-jarallax-no wpr-parallax-no wpr-sticky-section-no wpr-equal-height-no e-con e-child\" data-id=\"57ff29d\" data-element_type=\"container\" data-e-type=\"container\">\n\t\t\t\t<div class=\"elementor-element elementor-element-129b05c elementor-widget elementor-widget-heading\" data-id=\"129b05c\" data-element_type=\"widget\" data-e-type=\"widget\" data-widget_type=\"heading.default\">\n\t\t\t\t\t<h2 class=\"elementor-heading-title elementor-size-default\">ANDREAS HEIMANN<\/h2>\t\t\t\t<\/div>\n\t\t\t\t<div class=\"elementor-element elementor-element-ba214ff elementor-widget elementor-widget-text-editor\" data-id=\"ba214ff\" data-element_type=\"widget\" data-e-type=\"widget\" data-widget_type=\"text-editor.default\">\n\t\t\t\t\t\t\t\t\t<p data-start=\"121\" data-end=\"570\">Dalla presente stagione siamo lieti di sponsorizzare il nostro collega Andreas Heimann \u2013 un giovane talento del dart. Andreas lavora presso SPRICH dal 2017 ed \u00e8 attualmente attivo come project manager. Il dart era inizialmente solo un passatempo, che Andreas praticava anche dopo il lavoro in SPRICH (le freccette volavano ovunque in ufficio). Grazie al suo talento e all\u2019allenamento costante, questa attivit\u00e0 \u00e8 diventata una vera passione sportiva.<\/p>\n<p><\/p>\n<p data-start=\"121\" data-end=\"570\">Andreas ha gi\u00e0 ottenuto i suoi primi successi, tra cui un impressionante 5\u00b0 posto nel doppio al torneo di St. Gallen. Nel singolo ha raggiunto il 33\u00b0 posto su un totale di 128 partecipanti.<\/p>\n\t\t\t\t\t\t\t\t<\/div>\n\t\t\t\t<\/div>\n\t\t\t\t<div class=\"elementor-element elementor-element-0f95d3b elementor-widget elementor-widget-image\" data-id=\"0f95d3b\" data-element_type=\"widget\" data-e-type=\"widget\" data-widget_type=\"image.default\">\n\t\t\t\t\t\t\t\t\t\t\t\t\t\t\t<img loading=\"lazy\" decoding=\"async\" width=\"1024\" height=\"682\" src=\"https:\/\/www.sprich.ch\/wp-content\/uploads\/2025\/10\/sprich_sponsoring_andres_heimann_inline_nr01_2025--1024x682.jpg\" class=\"attachment-large size-large wp-image-9748\" alt=\"sprich_sponsoring_andres_heimann_inline_nr01_2025\" srcset=\"https:\/\/www.sprich.ch\/wp-content\/uploads\/2025\/10\/sprich_sponsoring_andres_heimann_inline_nr01_2025--1024x682.jpg 1024w, https:\/\/www.sprich.ch\/wp-content\/uploads\/2025\/10\/sprich_sponsoring_andres_heimann_inline_nr01_2025--300x200.jpg 300w, https:\/\/www.sprich.ch\/wp-content\/uploads\/2025\/10\/sprich_sponsoring_andres_heimann_inline_nr01_2025--768x512.jpg 768w, https:\/\/www.sprich.ch\/wp-content\/uploads\/2025\/10\/sprich_sponsoring_andres_heimann_inline_nr01_2025--1536x1023.jpg 1536w, https:\/\/www.sprich.ch\/wp-content\/uploads\/2025\/10\/sprich_sponsoring_andres_heimann_inline_nr01_2025-.jpg 1920w\" sizes=\"(max-width: 1024px) 100vw, 1024px\" \/>\t\t\t\t\t\t\t\t\t\t\t\t\t\t\t<\/div>\n\t\t\t\t<\/div>\n\t\t\t\t<\/div>\n\t\t\t\t<\/div>\n\t\t\t\t\t<\/details>\n\t\t\t\t\t\t<details id=\"e-n-accordion-item-2041\" class=\"e-n-accordion-item\" >\n\t\t\t\t<summary class=\"e-n-accordion-item-title\" data-accordion-index=\"2\" tabindex=\"-1\" aria-expanded=\"false\" aria-controls=\"e-n-accordion-item-2041\" >\n\t\t\t\t\t<span class='e-n-accordion-item-title-header'><div class=\"e-n-accordion-item-title-text\"> ADESIONI ATTUALI <\/div><\/span>\n\t\t\t\t\t\t\t<span class='e-n-accordion-item-title-icon'>\n\t\t\t<span class='e-opened' ><svg aria-hidden=\"true\" class=\"e-font-icon-svg e-fas-chevron-up\" viewBox=\"0 0 448 512\" xmlns=\"http:\/\/www.w3.org\/2000\/svg\"><path d=\"M240.971 130.524l194.343 194.343c9.373 9.373 9.373 24.569 0 33.941l-22.667 22.667c-9.357 9.357-24.522 9.375-33.901.04L224 227.495 69.255 381.516c-9.379 9.335-24.544 9.317-33.901-.04l-22.667-22.667c-9.373-9.373-9.373-24.569 0-33.941L207.03 130.525c9.372-9.373 24.568-9.373 33.941-.001z\"><\/path><\/svg><\/span>\n\t\t\t<span class='e-closed'><svg aria-hidden=\"true\" class=\"e-font-icon-svg e-fas-chevron-right\" viewBox=\"0 0 320 512\" xmlns=\"http:\/\/www.w3.org\/2000\/svg\"><path d=\"M285.476 272.971L91.132 467.314c-9.373 9.373-24.569 9.373-33.941 0l-22.667-22.667c-9.357-9.357-9.375-24.522-.04-33.901L188.505 256 34.484 101.255c-9.335-9.379-9.317-24.544.04-33.901l22.667-22.667c9.373-9.373 24.569-9.373 33.941 0L285.475 239.03c9.373 9.372 9.373 24.568.001 33.941z\"><\/path><\/svg><\/span>\n\t\t<\/span>\n\n\t\t\t\t\t\t<\/summary>\n\t\t\t\t<div role=\"region\" aria-labelledby=\"e-n-accordion-item-2041\" class=\"elementor-element elementor-element-4664e82 e-con-full e-flex wpr-particle-no wpr-jarallax-no wpr-parallax-no wpr-sticky-section-no wpr-equal-height-no e-con e-child\" data-id=\"4664e82\" data-element_type=\"container\" data-e-type=\"container\">\n\t\t<div role=\"region\" aria-labelledby=\"e-n-accordion-item-2041\" class=\"elementor-element elementor-element-eaba9d0 e-con-full e-flex wpr-particle-no wpr-jarallax-no wpr-parallax-no wpr-sticky-section-no wpr-equal-height-no e-con e-child\" data-id=\"eaba9d0\" data-element_type=\"container\" data-e-type=\"container\">\n\t\t<div role=\"region\" aria-labelledby=\"e-n-accordion-item-2041\" class=\"elementor-element elementor-element-87befa6 e-grid e-con-full wpr-particle-no wpr-jarallax-no wpr-parallax-no wpr-sticky-section-no wpr-equal-height-no e-con e-child\" data-id=\"87befa6\" data-element_type=\"container\" data-e-type=\"container\">\n\t\t<div role=\"region\" aria-labelledby=\"e-n-accordion-item-2041\" class=\"elementor-element elementor-element-4099c65 e-con-full e-flex wpr-particle-no wpr-jarallax-no wpr-parallax-no wpr-sticky-section-no wpr-equal-height-no e-con e-child\" data-id=\"4099c65\" data-element_type=\"container\" data-e-type=\"container\">\n\t\t\t\t<div class=\"elementor-element elementor-element-0cdd559 elementor-widget elementor-widget-heading\" data-id=\"0cdd559\" data-element_type=\"widget\" data-e-type=\"widget\" data-widget_type=\"heading.default\">\n\t\t\t\t\t<h2 class=\"elementor-heading-title elementor-size-default\">GEWERBEVEREIN BAAR<\/h2>\t\t\t\t<\/div>\n\t\t\t\t<div class=\"elementor-element elementor-element-88e1398 elementor-widget elementor-widget-text-editor\" data-id=\"88e1398\" data-element_type=\"widget\" data-e-type=\"widget\" data-widget_type=\"text-editor.default\">\n\t\t\t\t\t\t\t\t\t<p>Il\u00a0<a href=\"https:\/\/gewerbebaar.ch\/\" target=\"_blank\" rel=\"noopener noreferrer\">Gewerbeverein Baar<\/a>\u00a0\u00e8 un&#8217;associazione che riunisce oltre 250 aziende del comune di Baar e rappresenta gli interessi delle PMI locali nell\u2019opinine pubblica e nei confronti della politica e dell&#8217;amministrazione. I membri dell&#8217;associazione producono e forniscono rispettivamente prodotti e servizi di prima qualit\u00e0 e allo stesso tempo garantiscono posti di lavoro e di formazione sostenibili nella regione. Grazie alla sua veste unitaria, l\u2019operato dell\u2019associazione viene trasmesso in modo efficace all\u2019opinione pubblica.<\/p>\n\t\t\t\t\t\t\t\t<\/div>\n\t\t\t\t<\/div>\n\t\t\t\t<div class=\"elementor-element elementor-element-788647f elementor-widget elementor-widget-image\" data-id=\"788647f\" data-element_type=\"widget\" data-e-type=\"widget\" data-widget_type=\"image.default\">\n\t\t\t\t\t\t\t\t\t\t\t\t\t\t\t<img loading=\"lazy\" decoding=\"async\" width=\"580\" height=\"276\" src=\"https:\/\/www.sprich.ch\/wp-content\/uploads\/2025\/10\/sprich_mitgliedschaft_gewerbeverein_baar_header_nr01_2025-.png\" class=\"attachment-large size-large wp-image-9749\" alt=\"sprich_mitgliedschaft_gewerbeverein_baar_header_nr01_2025\" srcset=\"https:\/\/www.sprich.ch\/wp-content\/uploads\/2025\/10\/sprich_mitgliedschaft_gewerbeverein_baar_header_nr01_2025-.png 580w, https:\/\/www.sprich.ch\/wp-content\/uploads\/2025\/10\/sprich_mitgliedschaft_gewerbeverein_baar_header_nr01_2025--300x143.png 300w\" sizes=\"(max-width: 580px) 100vw, 580px\" \/>\t\t\t\t\t\t\t\t\t\t\t\t\t\t\t<\/div>\n\t\t\t\t<\/div>\n\t\t\t\t<div class=\"elementor-element elementor-element-cd16fc7 elementor-widget elementor-widget-spacer\" data-id=\"cd16fc7\" data-element_type=\"widget\" data-e-type=\"widget\" data-widget_type=\"spacer.default\">\n\t\t\t\t\t\t\t<div class=\"elementor-spacer\">\n\t\t\t<div class=\"elementor-spacer-inner\"><\/div>\n\t\t<\/div>\n\t\t\t\t\t\t<\/div>\n\t\t<div role=\"region\" aria-labelledby=\"e-n-accordion-item-2041\" class=\"elementor-element elementor-element-2466732 e-grid e-con-full wpr-particle-no wpr-jarallax-no wpr-parallax-no wpr-sticky-section-no wpr-equal-height-no e-con e-child\" data-id=\"2466732\" data-element_type=\"container\" data-e-type=\"container\">\n\t\t<div role=\"region\" aria-labelledby=\"e-n-accordion-item-2041\" class=\"elementor-element elementor-element-1c34a7e e-con-full e-flex wpr-particle-no wpr-jarallax-no wpr-parallax-no wpr-sticky-section-no wpr-equal-height-no e-con e-child\" data-id=\"1c34a7e\" data-element_type=\"container\" data-e-type=\"container\">\n\t\t\t\t<div class=\"elementor-element elementor-element-f8326b8 elementor-widget elementor-widget-heading\" data-id=\"f8326b8\" data-element_type=\"widget\" data-e-type=\"widget\" data-widget_type=\"heading.default\">\n\t\t\t\t\t<h2 class=\"elementor-heading-title elementor-size-default\">ILS<\/h2>\t\t\t\t<\/div>\n\t\t\t\t<div class=\"elementor-element elementor-element-6018807 elementor-widget elementor-widget-text-editor\" data-id=\"6018807\" data-element_type=\"widget\" data-e-type=\"widget\" data-widget_type=\"text-editor.default\">\n\t\t\t\t\t\t\t\t\t<p>La I<a href=\"http:\/\/ils-schweiz.ch\/\" target=\"_blank\" rel=\"noopener noreferrer\">Intralogistik Schweiz<\/a>\u00a0(ILS) \u00e8 l\u2019associazione delle imprese svizzere che producono e forniscono rispettivamente prodotti e servizi nel campo dell\u2019intralogistica. Tra gli obiettivi dell&#8217;ILS rientra coltivare i contatti e scambiare esperienze tra i membri. L\u2019associazione rappresenta gli interessi economici, morali e tecnici comuni dei suoi membri verso organizzazioni, associazioni e autorit\u00e0. Dal 2018 anche noi siamo membri di ILS.<\/p>\n\t\t\t\t\t\t\t\t<\/div>\n\t\t\t\t<\/div>\n\t\t\t\t<div class=\"elementor-element elementor-element-1904dd3 elementor-widget elementor-widget-image\" data-id=\"1904dd3\" data-element_type=\"widget\" data-e-type=\"widget\" data-widget_type=\"image.default\">\n\t\t\t\t\t\t\t\t\t\t\t\t\t\t\t<img loading=\"lazy\" decoding=\"async\" width=\"580\" height=\"435\" src=\"https:\/\/www.sprich.ch\/wp-content\/uploads\/2025\/10\/sprich_mitgliedschaft_ils_header_nr01_2025-.jpg\" class=\"attachment-large size-large wp-image-9750\" alt=\"sprich_mitgliedschaft_ils_header_nr01_2025\" srcset=\"https:\/\/www.sprich.ch\/wp-content\/uploads\/2025\/10\/sprich_mitgliedschaft_ils_header_nr01_2025-.jpg 580w, https:\/\/www.sprich.ch\/wp-content\/uploads\/2025\/10\/sprich_mitgliedschaft_ils_header_nr01_2025--300x225.jpg 300w\" sizes=\"(max-width: 580px) 100vw, 580px\" \/>\t\t\t\t\t\t\t\t\t\t\t\t\t\t\t<\/div>\n\t\t\t\t<\/div>\n\t\t\t\t<\/div>\n\t\t\t\t<\/div>\n\t\t\t\t\t<\/details>\n\t\t\t\t\t\t<details id=\"e-n-accordion-item-2042\" class=\"e-n-accordion-item\" >\n\t\t\t\t<summary class=\"e-n-accordion-item-title\" data-accordion-index=\"3\" tabindex=\"-1\" aria-expanded=\"false\" aria-controls=\"e-n-accordion-item-2042\" >\n\t\t\t\t\t<span class='e-n-accordion-item-title-header'><div class=\"e-n-accordion-item-title-text\"> SPONSORIZZAZIONI PASSATE <\/div><\/span>\n\t\t\t\t\t\t\t<span class='e-n-accordion-item-title-icon'>\n\t\t\t<span class='e-opened' ><svg aria-hidden=\"true\" class=\"e-font-icon-svg e-fas-chevron-up\" viewBox=\"0 0 448 512\" xmlns=\"http:\/\/www.w3.org\/2000\/svg\"><path d=\"M240.971 130.524l194.343 194.343c9.373 9.373 9.373 24.569 0 33.941l-22.667 22.667c-9.357 9.357-24.522 9.375-33.901.04L224 227.495 69.255 381.516c-9.379 9.335-24.544 9.317-33.901-.04l-22.667-22.667c-9.373-9.373-9.373-24.569 0-33.941L207.03 130.525c9.372-9.373 24.568-9.373 33.941-.001z\"><\/path><\/svg><\/span>\n\t\t\t<span class='e-closed'><svg aria-hidden=\"true\" class=\"e-font-icon-svg e-fas-chevron-right\" viewBox=\"0 0 320 512\" xmlns=\"http:\/\/www.w3.org\/2000\/svg\"><path d=\"M285.476 272.971L91.132 467.314c-9.373 9.373-24.569 9.373-33.941 0l-22.667-22.667c-9.357-9.357-9.375-24.522-.04-33.901L188.505 256 34.484 101.255c-9.335-9.379-9.317-24.544.04-33.901l22.667-22.667c9.373-9.373 24.569-9.373 33.941 0L285.475 239.03c9.373 9.372 9.373 24.568.001 33.941z\"><\/path><\/svg><\/span>\n\t\t<\/span>\n\n\t\t\t\t\t\t<\/summary>\n\t\t\t\t<div role=\"region\" aria-labelledby=\"e-n-accordion-item-2042\" class=\"elementor-element elementor-element-ed431c7 e-con-full e-flex wpr-particle-no wpr-jarallax-no wpr-parallax-no wpr-sticky-section-no wpr-equal-height-no e-con e-child\" data-id=\"ed431c7\" data-element_type=\"container\" data-e-type=\"container\">\n\t\t<div role=\"region\" aria-labelledby=\"e-n-accordion-item-2042\" class=\"elementor-element elementor-element-3950f26 e-con-full e-flex wpr-particle-no wpr-jarallax-no wpr-parallax-no wpr-sticky-section-no wpr-equal-height-no e-con e-child\" data-id=\"3950f26\" data-element_type=\"container\" data-e-type=\"container\">\n\t\t<div role=\"region\" aria-labelledby=\"e-n-accordion-item-2042\" class=\"elementor-element elementor-element-9d7583d e-grid e-con-full wpr-particle-no wpr-jarallax-no wpr-parallax-no wpr-sticky-section-no wpr-equal-height-no e-con e-child\" data-id=\"9d7583d\" data-element_type=\"container\" data-e-type=\"container\">\n\t\t<div role=\"region\" aria-labelledby=\"e-n-accordion-item-2042\" class=\"elementor-element elementor-element-022da74 e-con-full e-flex wpr-particle-no wpr-jarallax-no wpr-parallax-no wpr-sticky-section-no wpr-equal-height-no e-con e-child\" data-id=\"022da74\" data-element_type=\"container\" data-e-type=\"container\">\n\t\t\t\t<div class=\"elementor-element elementor-element-7619d9d elementor-widget elementor-widget-heading\" data-id=\"7619d9d\" data-element_type=\"widget\" data-e-type=\"widget\" data-widget_type=\"heading.default\">\n\t\t\t\t\t<h2 class=\"elementor-heading-title elementor-size-default\">SPONSORIZZAZIONE DI MATERIALI: I GRIGLIATI ABBELLIRANNO UN FUTURO PONTE<\/h2>\t\t\t\t<\/div>\n\t\t\t\t<div class=\"elementor-element elementor-element-97b3efc elementor-widget elementor-widget-text-editor\" data-id=\"97b3efc\" data-element_type=\"widget\" data-e-type=\"widget\" data-widget_type=\"text-editor.default\">\n\t\t\t\t\t\t\t\t\t<p data-start=\"97\" data-end=\"586\">Il Centro d\u2019informazione di Morgarten appartiene alla Fondazione della Giovent\u00f9 Scolastica Svizzera per la conservazione del campo di battaglia di Morgarten. L\u2019accesso al centro d\u2019informazione \u00e8 costituito da un attraversamento in legno sul torrente Figlenbach, costruito provvisoriamente dall\u2019esercito nel 2015 per motivi finanziari. Ben sette anni dopo, aziende specializzate del settore edile hanno deciso di costruire un vero ponte e di sponsorizzare i materiali e i servizi necessari.<\/p>\n<p><\/p>\n<p data-start=\"588\" data-end=\"752\">Anche SPRICH AG \u00e8 orgogliosa di contribuire al progetto e fornir\u00e0 grigliati pressati come superficie calpestabile. Siamo molto lieti di sostenere questa iniziativa.<\/p>\n\t\t\t\t\t\t\t\t<\/div>\n\t\t\t\t<\/div>\n\t\t\t\t<div class=\"elementor-element elementor-element-1fec5bf elementor-widget elementor-widget-image\" data-id=\"1fec5bf\" data-element_type=\"widget\" data-e-type=\"widget\" data-widget_type=\"image.default\">\n\t\t\t\t\t\t\t\t\t\t\t\t\t\t\t<img loading=\"lazy\" decoding=\"async\" width=\"780\" height=\"520\" src=\"https:\/\/www.sprich.ch\/wp-content\/uploads\/2025\/10\/sprich_sponsoring_brueckenschlag_inline_nr01_2025.jpg\" class=\"attachment-large size-large wp-image-9751\" alt=\"sprich_sponsoring_brueckenschlag_inline_nr01_2025\" srcset=\"https:\/\/www.sprich.ch\/wp-content\/uploads\/2025\/10\/sprich_sponsoring_brueckenschlag_inline_nr01_2025.jpg 780w, https:\/\/www.sprich.ch\/wp-content\/uploads\/2025\/10\/sprich_sponsoring_brueckenschlag_inline_nr01_2025-300x200.jpg 300w, https:\/\/www.sprich.ch\/wp-content\/uploads\/2025\/10\/sprich_sponsoring_brueckenschlag_inline_nr01_2025-768x512.jpg 768w\" sizes=\"(max-width: 780px) 100vw, 780px\" \/>\t\t\t\t\t\t\t\t\t\t\t\t\t\t\t<\/div>\n\t\t\t\t<\/div>\n\t\t\t\t<div class=\"elementor-element elementor-element-6da209c elementor-widget elementor-widget-spacer\" data-id=\"6da209c\" data-element_type=\"widget\" data-e-type=\"widget\" data-widget_type=\"spacer.default\">\n\t\t\t\t\t\t\t<div class=\"elementor-spacer\">\n\t\t\t<div class=\"elementor-spacer-inner\"><\/div>\n\t\t<\/div>\n\t\t\t\t\t\t<\/div>\n\t\t<div role=\"region\" aria-labelledby=\"e-n-accordion-item-2042\" class=\"elementor-element elementor-element-6ee74c3 e-grid e-con-full wpr-particle-no wpr-jarallax-no wpr-parallax-no wpr-sticky-section-no wpr-equal-height-no e-con e-child\" data-id=\"6ee74c3\" data-element_type=\"container\" data-e-type=\"container\">\n\t\t<div role=\"region\" aria-labelledby=\"e-n-accordion-item-2042\" class=\"elementor-element elementor-element-e641a1c e-con-full e-flex wpr-particle-no wpr-jarallax-no wpr-parallax-no wpr-sticky-section-no wpr-equal-height-no e-con e-child\" data-id=\"e641a1c\" data-element_type=\"container\" data-e-type=\"container\">\n\t\t\t\t<div class=\"elementor-element elementor-element-32cc397 elementor-widget elementor-widget-heading\" data-id=\"32cc397\" data-element_type=\"widget\" data-e-type=\"widget\" data-widget_type=\"heading.default\">\n\t\t\t\t\t<h2 class=\"elementor-heading-title elementor-size-default\">SPONSOR PRINCIPALE ALLE GARE MULTIPLE A SQUADRE DI ATLETICA LEGGERA 2022<\/h2>\t\t\t\t<\/div>\n\t\t\t\t<div class=\"elementor-element elementor-element-1d20fd9 elementor-widget elementor-widget-text-editor\" data-id=\"1d20fd9\" data-element_type=\"widget\" data-e-type=\"widget\" data-widget_type=\"text-editor.default\">\n\t\t\t\t\t\t\t\t\t<div id=\"c4057\" class=\"frame frame-default frame-type-textmedia frame-layout-0\">\n<div class=\"ce-textpic ce-right ce-intext ce-nowrap\">\n<div class=\"ce-bodytext\">\n<p>La competizione si svolge con il patronato della Federazione svizzera di ginnastica. Ogni primavera, le associazioni cantonali di ginnastica organizzano campionati cantonali o eliminatorie e le squadre che vi prendono parte possono qualificarsi per la finale svizzera di settembre. Le gare multiple consistono nelle discipline sprint, lancio, salto e corsa. Il numero e le distanze variano a seconda dell\u2019et\u00e0 e del sesso.<br \/>\nAnche nel 2022 SPRICH AG \u00e8 tra gli sponsor principali del TV Buttikon-Sch\u00fcbelbach alle gare multiple a squadre di atletica leggera dei campionati cantonali del Canton Svitto 2022. Un evento straordinario con 100 atleti e atlete e oltre 300 spettatori.<\/p>\n<\/div>\n<p><\/div>\n<p><\/div>\n\t\t\t\t\t\t\t\t<\/div>\n\t\t\t\t<\/div>\n\t\t\t\t<div class=\"elementor-element elementor-element-6d1c168 elementor-widget elementor-widget-image\" data-id=\"6d1c168\" data-element_type=\"widget\" data-e-type=\"widget\" data-widget_type=\"image.default\">\n\t\t\t\t\t\t\t\t\t\t\t\t\t\t\t<img loading=\"lazy\" decoding=\"async\" width=\"346\" height=\"520\" src=\"https:\/\/www.sprich.ch\/wp-content\/uploads\/2025\/10\/sprich_sponsoring_leichtathlethik_inline_nr01_2025-.jpg\" class=\"attachment-large size-large wp-image-9752\" alt=\"sprich_sponsoring_leichtathlethik_inline_nr01_2025\" srcset=\"https:\/\/www.sprich.ch\/wp-content\/uploads\/2025\/10\/sprich_sponsoring_leichtathlethik_inline_nr01_2025-.jpg 346w, https:\/\/www.sprich.ch\/wp-content\/uploads\/2025\/10\/sprich_sponsoring_leichtathlethik_inline_nr01_2025--200x300.jpg 200w\" sizes=\"(max-width: 346px) 100vw, 346px\" \/>\t\t\t\t\t\t\t\t\t\t\t\t\t\t\t<\/div>\n\t\t\t\t<\/div>\n\t\t\t\t<div class=\"elementor-element elementor-element-5e9ae92 elementor-widget elementor-widget-spacer\" data-id=\"5e9ae92\" data-element_type=\"widget\" data-e-type=\"widget\" data-widget_type=\"spacer.default\">\n\t\t\t\t\t\t\t<div class=\"elementor-spacer\">\n\t\t\t<div class=\"elementor-spacer-inner\"><\/div>\n\t\t<\/div>\n\t\t\t\t\t\t<\/div>\n\t\t<div role=\"region\" aria-labelledby=\"e-n-accordion-item-2042\" class=\"elementor-element elementor-element-7927761 e-grid e-con-full wpr-particle-no wpr-jarallax-no wpr-parallax-no wpr-sticky-section-no wpr-equal-height-no e-con e-child\" data-id=\"7927761\" data-element_type=\"container\" data-e-type=\"container\">\n\t\t<div role=\"region\" aria-labelledby=\"e-n-accordion-item-2042\" class=\"elementor-element elementor-element-b28411e e-con-full e-flex wpr-particle-no wpr-jarallax-no wpr-parallax-no wpr-sticky-section-no wpr-equal-height-no e-con e-child\" data-id=\"b28411e\" data-element_type=\"container\" data-e-type=\"container\">\n\t\t\t\t<div class=\"elementor-element elementor-element-96b958b elementor-widget elementor-widget-heading\" data-id=\"96b958b\" data-element_type=\"widget\" data-e-type=\"widget\" data-widget_type=\"heading.default\">\n\t\t\t\t\t<h2 class=\"elementor-heading-title elementor-size-default\">ISABELLE GERIG<\/h2>\t\t\t\t<\/div>\n\t\t\t\t<div class=\"elementor-element elementor-element-cfa20fd elementor-widget elementor-widget-text-editor\" data-id=\"cfa20fd\" data-element_type=\"widget\" data-e-type=\"widget\" data-widget_type=\"text-editor.default\">\n\t\t\t\t\t\t\t\t\t<p>Siamo inoltre lieti di annunciare che sosterremo l\u2019atleta Isabelle Gerig con una sponsorizzazione individuale. Isabelle \u00e8 un&#8217;atleta emergente di unihockey, che milita nella squadra femminile delle Kloten Dietlikon Jets. Ha scoperto la sua passione per lo sport in giovane et\u00e0. Militando nelle file delle Kloten-Jets, il talento di Isabelle le ha gi\u00e0 consentito di raggiungere numerosi traguardi nella NLA, tra cui la vittoria in Coppa Svizzera 2019 e nel Campionato svizzero 2019.<br \/>L\u2019unihockey rappresenta la combinazione ideale tra sport e divertimento. Infatti \u00e8 una disciplina sportiva che incentiva lo spirito di gruppo. L\u2019unihockey, che \u00e8 ancora un sport molto giovane, sta per\u00f2 crescendo costantemente in Svizzera e sta diventando uno degli sport di squadra pi\u00f9 popolari. I 405 club con oltre 32.000 giocatori iscritti comportano il secondo posto nella classifica degli sport di squadra pi\u00f9 praticati in Svizzera.<\/p>\n<p>Incrociamo le dita per Isabelle per la prossima stagione e le auguriamo di continuare a divertirsi con l\u2019unihockey.<\/p>\n\t\t\t\t\t\t\t\t<\/div>\n\t\t\t\t<\/div>\n\t\t\t\t<div class=\"elementor-element elementor-element-245e00f elementor-widget elementor-widget-image\" data-id=\"245e00f\" data-element_type=\"widget\" data-e-type=\"widget\" data-widget_type=\"image.default\">\n\t\t\t\t\t\t\t\t\t\t\t\t\t\t\t<img loading=\"lazy\" decoding=\"async\" width=\"580\" height=\"580\" src=\"https:\/\/www.sprich.ch\/wp-content\/uploads\/2025\/10\/sprich_sponsoring_isabella_gerig_inline_nr01_2025-.jpg\" class=\"attachment-large size-large wp-image-9753\" alt=\"sprich_sponsoring_isabella_gerig_inline_nr01_2025\" srcset=\"https:\/\/www.sprich.ch\/wp-content\/uploads\/2025\/10\/sprich_sponsoring_isabella_gerig_inline_nr01_2025-.jpg 580w, https:\/\/www.sprich.ch\/wp-content\/uploads\/2025\/10\/sprich_sponsoring_isabella_gerig_inline_nr01_2025--300x300.jpg 300w, https:\/\/www.sprich.ch\/wp-content\/uploads\/2025\/10\/sprich_sponsoring_isabella_gerig_inline_nr01_2025--150x150.jpg 150w\" sizes=\"(max-width: 580px) 100vw, 580px\" \/>\t\t\t\t\t\t\t\t\t\t\t\t\t\t\t<\/div>\n\t\t\t\t<\/div>\n\t\t\t\t<div class=\"elementor-element elementor-element-292dada elementor-widget elementor-widget-spacer\" data-id=\"292dada\" data-element_type=\"widget\" data-e-type=\"widget\" data-widget_type=\"spacer.default\">\n\t\t\t\t\t\t\t<div class=\"elementor-spacer\">\n\t\t\t<div class=\"elementor-spacer-inner\"><\/div>\n\t\t<\/div>\n\t\t\t\t\t\t<\/div>\n\t\t<div role=\"region\" aria-labelledby=\"e-n-accordion-item-2042\" class=\"elementor-element elementor-element-251ba0a e-grid e-con-full wpr-particle-no wpr-jarallax-no wpr-parallax-no wpr-sticky-section-no wpr-equal-height-no e-con e-child\" data-id=\"251ba0a\" data-element_type=\"container\" data-e-type=\"container\">\n\t\t<div role=\"region\" aria-labelledby=\"e-n-accordion-item-2042\" class=\"elementor-element elementor-element-8b2766d e-con-full e-flex wpr-particle-no wpr-jarallax-no wpr-parallax-no wpr-sticky-section-no wpr-equal-height-no e-con e-child\" data-id=\"8b2766d\" data-element_type=\"container\" data-e-type=\"container\">\n\t\t\t\t<div class=\"elementor-element elementor-element-8a52164 elementor-widget elementor-widget-heading\" data-id=\"8a52164\" data-element_type=\"widget\" data-e-type=\"widget\" data-widget_type=\"heading.default\">\n\t\t\t\t\t<h2 class=\"elementor-heading-title elementor-size-default\">NICO M\u00dcLLER<\/h2>\t\t\t\t<\/div>\n\t\t\t\t<div class=\"elementor-element elementor-element-7b9078f elementor-widget elementor-widget-text-editor\" data-id=\"7b9078f\" data-element_type=\"widget\" data-e-type=\"widget\" data-widget_type=\"text-editor.default\">\n\t\t\t\t\t\t\t\t\t<p>SPRICH \u00e8 sponsor di Nico M\u00fcller, pilota automobilistico di successo di Thun, dal 2020. Nico ha iniziato la sua carriera nel 2004 con i kart. Nel 2008 \u00e8 passato alle corse di formula, tra l&#8217;altro alla Formula Renault e alla Formula Renault 3.5 svizzere. Nelle corse di formula, Nico \u00e8 arrivato pi\u00f9 volte sul podio e nel 2009 \u00e8 addirittura diventato campione nella Formula Renault svizzera. Nel 2014 ha realizzato un altro sogno ed ha firmato un contratto con Audi come pilota professionista DTM. Dal 2016 fa parte del team Audi DTM Abt. Nel 2019 e nel 2020 ha finito la stagione come vice campione. Auguriamo a Nico un continuo successo per questa stagione 2022. Dal 2023, Nico si concentra interamente sulla Formula E e su Peugeot.<\/p>\n\t\t\t\t\t\t\t\t<\/div>\n\t\t\t\t<\/div>\n\t\t\t\t<div class=\"elementor-element elementor-element-fe04c61 elementor-widget elementor-widget-image\" data-id=\"fe04c61\" data-element_type=\"widget\" data-e-type=\"widget\" data-widget_type=\"image.default\">\n\t\t\t\t\t\t\t\t\t\t\t\t\t\t\t<img loading=\"lazy\" decoding=\"async\" width=\"580\" height=\"410\" src=\"https:\/\/www.sprich.ch\/wp-content\/uploads\/2025\/10\/sprich_sponsoring_nico_mueller_inline_nr01_2025-.jpg\" class=\"attachment-large size-large wp-image-9754\" alt=\"sprich_sponsoring_nico_mueller_inline_nr01_2025\" srcset=\"https:\/\/www.sprich.ch\/wp-content\/uploads\/2025\/10\/sprich_sponsoring_nico_mueller_inline_nr01_2025-.jpg 580w, https:\/\/www.sprich.ch\/wp-content\/uploads\/2025\/10\/sprich_sponsoring_nico_mueller_inline_nr01_2025--300x212.jpg 300w\" sizes=\"(max-width: 580px) 100vw, 580px\" \/>\t\t\t\t\t\t\t\t\t\t\t\t\t\t\t<\/div>\n\t\t\t\t<\/div>\n\t\t\t\t<div class=\"elementor-element elementor-element-8e6978c elementor-widget elementor-widget-spacer\" data-id=\"8e6978c\" data-element_type=\"widget\" data-e-type=\"widget\" data-widget_type=\"spacer.default\">\n\t\t\t\t\t\t\t<div class=\"elementor-spacer\">\n\t\t\t<div class=\"elementor-spacer-inner\"><\/div>\n\t\t<\/div>\n\t\t\t\t\t\t<\/div>\n\t\t<div role=\"region\" aria-labelledby=\"e-n-accordion-item-2042\" class=\"elementor-element elementor-element-39a47bc e-grid e-con-full wpr-particle-no wpr-jarallax-no wpr-parallax-no wpr-sticky-section-no wpr-equal-height-no e-con e-child\" data-id=\"39a47bc\" data-element_type=\"container\" data-e-type=\"container\">\n\t\t<div role=\"region\" aria-labelledby=\"e-n-accordion-item-2042\" class=\"elementor-element elementor-element-fd1e2ba e-con-full e-flex wpr-particle-no wpr-jarallax-no wpr-parallax-no wpr-sticky-section-no wpr-equal-height-no e-con e-child\" data-id=\"fd1e2ba\" data-element_type=\"container\" data-e-type=\"container\">\n\t\t\t\t<div class=\"elementor-element elementor-element-6a5a295 elementor-widget elementor-widget-heading\" data-id=\"6a5a295\" data-element_type=\"widget\" data-e-type=\"widget\" data-widget_type=\"heading.default\">\n\t\t\t\t\t<h2 class=\"elementor-heading-title elementor-size-default\">DELIA DURRER<\/h2>\t\t\t\t<\/div>\n\t\t\t\t<div class=\"elementor-element elementor-element-50d6c38 elementor-widget elementor-widget-text-editor\" data-id=\"50d6c38\" data-element_type=\"widget\" data-e-type=\"widget\" data-widget_type=\"text-editor.default\">\n\t\t\t\t\t\t\t\t\t<p data-start=\"94\" data-end=\"753\">Siamo lieti di poterlo annunciare ufficialmente: nella stagione 2023\/2024 avremo il piacere di sostenere Delia con una sponsorizzazione. Delia ha 20 anni, proviene dal Canton Nidvaldo, ha conseguito con successo la maturit\u00e0 presso la Scuola media sportiva di Engelberg ed \u00e8 una sciatrice agonistica. Dal novembre 2018 partecipa alle gare ufficiali FIS e ha gi\u00e0 ottenuto numerosi successi: il suo primo punto in Coppa del Mondo nel Super-G a Cortina d\u2019Ampezzo, una medaglia d\u2019oro ai Campionati svizzeri di St. Moritz nella discesa e la sua prima vittoria in Coppa Europa nella discesa a Ch\u00e2tel. Nella prossima stagione far\u00e0 parte della squadra A di SwissSki.<\/p>\n<p><\/p>\n<p data-start=\"755\" data-end=\"831\">Il suo pi\u00f9 grande obiettivo per il futuro: diventare campionessa olimpica.<\/p>\n<p><\/p>\n<p data-start=\"833\" data-end=\"940\">Incrociamo le dita per Delia e le auguriamo tanto successo e divertimento in tutte le gare che l\u2019attendono.<\/p>\n\t\t\t\t\t\t\t\t<\/div>\n\t\t\t\t<\/div>\n\t\t\t\t<div class=\"elementor-element elementor-element-1deede4 elementor-widget elementor-widget-image\" data-id=\"1deede4\" data-element_type=\"widget\" data-e-type=\"widget\" data-widget_type=\"image.default\">\n\t\t\t\t\t\t\t\t\t\t\t\t\t\t\t<img loading=\"lazy\" decoding=\"async\" width=\"1024\" height=\"804\" src=\"https:\/\/www.sprich.ch\/wp-content\/uploads\/2025\/10\/sprich_sponsoring_delia_murrer_inline_nr01_2025--1024x804.jpg\" class=\"attachment-large size-large wp-image-9755\" alt=\"sprich_sponsoring_delia_murrer_inline_nr01_2025\" srcset=\"https:\/\/www.sprich.ch\/wp-content\/uploads\/2025\/10\/sprich_sponsoring_delia_murrer_inline_nr01_2025--1024x804.jpg 1024w, https:\/\/www.sprich.ch\/wp-content\/uploads\/2025\/10\/sprich_sponsoring_delia_murrer_inline_nr01_2025--300x235.jpg 300w, https:\/\/www.sprich.ch\/wp-content\/uploads\/2025\/10\/sprich_sponsoring_delia_murrer_inline_nr01_2025--768x603.jpg 768w, https:\/\/www.sprich.ch\/wp-content\/uploads\/2025\/10\/sprich_sponsoring_delia_murrer_inline_nr01_2025--1536x1206.jpg 1536w, https:\/\/www.sprich.ch\/wp-content\/uploads\/2025\/10\/sprich_sponsoring_delia_murrer_inline_nr01_2025-.jpg 1920w\" sizes=\"(max-width: 1024px) 100vw, 1024px\" \/>\t\t\t\t\t\t\t\t\t\t\t\t\t\t\t<\/div>\n\t\t\t\t<\/div>\n\t\t\t\t<div class=\"elementor-element elementor-element-f1e9f5f elementor-widget elementor-widget-spacer\" data-id=\"f1e9f5f\" data-element_type=\"widget\" data-e-type=\"widget\" data-widget_type=\"spacer.default\">\n\t\t\t\t\t\t\t<div class=\"elementor-spacer\">\n\t\t\t<div class=\"elementor-spacer-inner\"><\/div>\n\t\t<\/div>\n\t\t\t\t\t\t<\/div>\n\t\t<div role=\"region\" aria-labelledby=\"e-n-accordion-item-2042\" class=\"elementor-element elementor-element-2046f07 e-grid e-con-full wpr-particle-no wpr-jarallax-no wpr-parallax-no wpr-sticky-section-no wpr-equal-height-no e-con e-child\" data-id=\"2046f07\" data-element_type=\"container\" data-e-type=\"container\">\n\t\t<div role=\"region\" aria-labelledby=\"e-n-accordion-item-2042\" class=\"elementor-element elementor-element-cb3908a e-con-full e-flex wpr-particle-no wpr-jarallax-no wpr-parallax-no wpr-sticky-section-no wpr-equal-height-no e-con e-child\" data-id=\"cb3908a\" data-element_type=\"container\" data-e-type=\"container\">\n\t\t\t\t<div class=\"elementor-element elementor-element-d65ffe7 elementor-widget elementor-widget-heading\" data-id=\"d65ffe7\" data-element_type=\"widget\" data-e-type=\"widget\" data-widget_type=\"heading.default\">\n\t\t\t\t\t<h2 class=\"elementor-heading-title elementor-size-default\">FC H\u00dcNENBERG 2019<\/h2>\t\t\t\t<\/div>\n\t\t\t\t<div class=\"elementor-element elementor-element-757264d elementor-widget elementor-widget-text-editor\" data-id=\"757264d\" data-element_type=\"widget\" data-e-type=\"widget\" data-widget_type=\"text-editor.default\">\n\t\t\t\t\t\t\t\t\t<p><a href=\"https:\/\/www.fc-huenenberg.ch\/\" target=\"_blank\" rel=\"noopener noreferrer\">FC H\u00fcnenberg<\/a>\u00a0\u00e8 una societ\u00e0 calcistica che incentiva entusiasmo e soddisfazione per le competizioni calcistiche. Offre quindi un importante contributo per rendere pi\u00f9 interessante la regione. L\u2019obiettivo \u00e8 la soddisfazione a livello personale e sportivo dei membri.<\/p>\n<p>Sport e divertimento sono componenti importanti del nostro tempo libero, sempre pi\u00f9 frenetico. Il calcio rappresenta la combinazione ideale di sport e divertimento. Infatti rappresenta un\u2019attivit\u00e0 sportiva che incentiva lo spirito di gruppo. La societ\u00e0 FC H\u00fcnenberg offre la possibilit\u00e0 di giocare a calcio a tutte le et\u00e0.<\/p>\n\t\t\t\t\t\t\t\t<\/div>\n\t\t\t\t<\/div>\n\t\t\t\t<div class=\"elementor-element elementor-element-9491e06 elementor-widget elementor-widget-image\" data-id=\"9491e06\" data-element_type=\"widget\" data-e-type=\"widget\" data-widget_type=\"image.default\">\n\t\t\t\t\t\t\t\t\t\t\t\t\t\t\t<img loading=\"lazy\" decoding=\"async\" width=\"580\" height=\"435\" src=\"https:\/\/www.sprich.ch\/wp-content\/uploads\/2025\/10\/sprich_sponsoring_fc_huenenberg_inline_nr01_2025-.jpg\" class=\"attachment-large size-large wp-image-9756\" alt=\"sprich_sponsoring_fc_huenenberg_inline_nr01_2025\" srcset=\"https:\/\/www.sprich.ch\/wp-content\/uploads\/2025\/10\/sprich_sponsoring_fc_huenenberg_inline_nr01_2025-.jpg 580w, https:\/\/www.sprich.ch\/wp-content\/uploads\/2025\/10\/sprich_sponsoring_fc_huenenberg_inline_nr01_2025--300x225.jpg 300w\" sizes=\"(max-width: 580px) 100vw, 580px\" \/>\t\t\t\t\t\t\t\t\t\t\t\t\t\t\t<\/div>\n\t\t\t\t<\/div>\n\t\t\t\t<div class=\"elementor-element elementor-element-7bd78ca elementor-widget elementor-widget-spacer\" data-id=\"7bd78ca\" data-element_type=\"widget\" data-e-type=\"widget\" data-widget_type=\"spacer.default\">\n\t\t\t\t\t\t\t<div class=\"elementor-spacer\">\n\t\t\t<div class=\"elementor-spacer-inner\"><\/div>\n\t\t<\/div>\n\t\t\t\t\t\t<\/div>\n\t\t<div role=\"region\" aria-labelledby=\"e-n-accordion-item-2042\" class=\"elementor-element elementor-element-3e68eac e-grid e-con-full wpr-particle-no wpr-jarallax-no wpr-parallax-no wpr-sticky-section-no wpr-equal-height-no e-con e-child\" data-id=\"3e68eac\" data-element_type=\"container\" data-e-type=\"container\">\n\t\t<div role=\"region\" aria-labelledby=\"e-n-accordion-item-2042\" class=\"elementor-element elementor-element-f2d46c5 e-con-full e-flex wpr-particle-no wpr-jarallax-no wpr-parallax-no wpr-sticky-section-no wpr-equal-height-no e-con e-child\" data-id=\"f2d46c5\" data-element_type=\"container\" data-e-type=\"container\">\n\t\t\t\t<div class=\"elementor-element elementor-element-d233623 elementor-widget elementor-widget-heading\" data-id=\"d233623\" data-element_type=\"widget\" data-e-type=\"widget\" data-widget_type=\"heading.default\">\n\t\t\t\t\t<h2 class=\"elementor-heading-title elementor-size-default\">MATERIALE DI SPONSORIZZAZIONE: SCALA A CHIOCCIOLA E GRIGLIATI PER IL CENTRO JUMPIN 2018<\/h2>\t\t\t\t<\/div>\n\t\t\t\t<div class=\"elementor-element elementor-element-fdafc1b elementor-widget elementor-widget-text-editor\" data-id=\"fdafc1b\" data-element_type=\"widget\" data-e-type=\"widget\" data-widget_type=\"text-editor.default\">\n\t\t\t\t\t\t\t\t\t<p>Per il Centro\u00a0<a href=\"https:\/\/jumpin.ch\/\" target=\"_blank\" rel=\"noopener noreferrer\">Jumpin<\/a>\u00a0a Mettmenstetten, un impianto dotato di trampolino di salto, slackline e slide, SPRICH ha sponsorizzato una tribuna destinata agli spettatori, realizzata in griglie, e una scala a chiocciola per l\u2019accesso alla tribuna.<\/p>\n<p>Il Centro Jumpin offre un\u2019esperienza unica ai professionisti del freestyle, ma anche la soluzione ideale nei mesi estivi per gli sciatori e gli amanti dello snowboard. Per svariati eventi e per ammirare il trampolino erano necessarie una tribuna destinata agli spettatori, naturalmente con una protezione adeguata, e la scala di accesso. SPRICH ha sponsorizzato entrambi.<\/p>\n\t\t\t\t\t\t\t\t<\/div>\n\t\t\t\t<\/div>\n\t\t\t\t<div class=\"elementor-element elementor-element-71ccccb elementor-widget elementor-widget-image\" data-id=\"71ccccb\" data-element_type=\"widget\" data-e-type=\"widget\" data-widget_type=\"image.default\">\n\t\t\t\t\t\t\t\t\t\t\t\t\t\t\t<img loading=\"lazy\" decoding=\"async\" width=\"580\" height=\"386\" src=\"https:\/\/www.sprich.ch\/wp-content\/uploads\/2025\/10\/sprich_sponsoring_material_inline_nr01_2025-.jpg\" class=\"attachment-large size-large wp-image-9757\" alt=\"sprich_sponsoring_material_inline_nr01_2025\" srcset=\"https:\/\/www.sprich.ch\/wp-content\/uploads\/2025\/10\/sprich_sponsoring_material_inline_nr01_2025-.jpg 580w, https:\/\/www.sprich.ch\/wp-content\/uploads\/2025\/10\/sprich_sponsoring_material_inline_nr01_2025--300x200.jpg 300w\" sizes=\"(max-width: 580px) 100vw, 580px\" \/>\t\t\t\t\t\t\t\t\t\t\t\t\t\t\t<\/div>\n\t\t\t\t<\/div>\n\t\t\t\t<div class=\"elementor-element elementor-element-f1b3a2c elementor-widget elementor-widget-spacer\" data-id=\"f1b3a2c\" data-element_type=\"widget\" data-e-type=\"widget\" data-widget_type=\"spacer.default\">\n\t\t\t\t\t\t\t<div class=\"elementor-spacer\">\n\t\t\t<div class=\"elementor-spacer-inner\"><\/div>\n\t\t<\/div>\n\t\t\t\t\t\t<\/div>\n\t\t<div role=\"region\" aria-labelledby=\"e-n-accordion-item-2042\" class=\"elementor-element elementor-element-350b9d1 e-grid e-con-full wpr-particle-no wpr-jarallax-no wpr-parallax-no wpr-sticky-section-no wpr-equal-height-no e-con e-child\" data-id=\"350b9d1\" data-element_type=\"container\" data-e-type=\"container\">\n\t\t<div role=\"region\" aria-labelledby=\"e-n-accordion-item-2042\" class=\"elementor-element elementor-element-452b81a e-con-full e-flex wpr-particle-no wpr-jarallax-no wpr-parallax-no wpr-sticky-section-no wpr-equal-height-no e-con e-child\" data-id=\"452b81a\" data-element_type=\"container\" data-e-type=\"container\">\n\t\t\t\t<div class=\"elementor-element elementor-element-383d3e9 elementor-widget elementor-widget-heading\" data-id=\"383d3e9\" data-element_type=\"widget\" data-e-type=\"widget\" data-widget_type=\"heading.default\">\n\t\t\t\t\t<h2 class=\"elementor-heading-title elementor-size-default\">FESTA CANTONALE DI GINNASTICA DI SVITTO 2018<\/h2>\t\t\t\t<\/div>\n\t\t\t\t<div class=\"elementor-element elementor-element-cdcbe56 elementor-widget elementor-widget-text-editor\" data-id=\"cdcbe56\" data-element_type=\"widget\" data-e-type=\"widget\" data-widget_type=\"text-editor.default\">\n\t\t\t\t\t\t\t\t\t<p>Ogni sei anni si tiene la Schwyzer Kantonalturnfest (Festa cantonale di ginnastica di Svitto). Quest\u2019anno la manifestazione \u00e8 stata un vero successo. Durante i due fine settimana di giugno a Buttikon erano presenti oltre 3000 concorrenti e un numero quasi doppio di visitatori. SPRICH ha partecipato live, tra l\u2019altro sponsorizzando le magliette. Gli organizzatori si sono veramente impegnati al massimo e senza di loro la festa non sarebbe sicuramente riuscita cos\u00ec bene.<\/p>\n<p>Il vincitore \u00e8 stata l\u2019associazione ginnica STV Wettingen. Le nostre pi\u00f9 sentite congratulazioni. Facciamo le nostre pi\u00f9 sentite congratulazioni anche all\u2019associazione ginnica Buttikon-Sch\u00fcbelbach per l\u2019eccellente terza postazione.<\/p>\n\t\t\t\t\t\t\t\t<\/div>\n\t\t\t\t<\/div>\n\t\t\t\t<div class=\"elementor-element elementor-element-77efed0 elementor-widget elementor-widget-image\" data-id=\"77efed0\" data-element_type=\"widget\" data-e-type=\"widget\" data-widget_type=\"image.default\">\n\t\t\t\t\t\t\t\t\t\t\t\t\t\t\t<img loading=\"lazy\" decoding=\"async\" width=\"580\" height=\"435\" src=\"https:\/\/www.sprich.ch\/wp-content\/uploads\/2025\/10\/sprich_sponsoring_schwyz_kantonalturnier_inline_nr01_2025-.jpg\" class=\"attachment-large size-large wp-image-9758\" alt=\"sprich_sponsoring_schwyz_kantonalturnier_inline_nr01_2025\" srcset=\"https:\/\/www.sprich.ch\/wp-content\/uploads\/2025\/10\/sprich_sponsoring_schwyz_kantonalturnier_inline_nr01_2025-.jpg 580w, https:\/\/www.sprich.ch\/wp-content\/uploads\/2025\/10\/sprich_sponsoring_schwyz_kantonalturnier_inline_nr01_2025--300x225.jpg 300w\" sizes=\"(max-width: 580px) 100vw, 580px\" \/>\t\t\t\t\t\t\t\t\t\t\t\t\t\t\t<\/div>\n\t\t\t\t<\/div>\n\t\t\t\t<div class=\"elementor-element elementor-element-519ea58 elementor-widget elementor-widget-spacer\" data-id=\"519ea58\" data-element_type=\"widget\" data-e-type=\"widget\" data-widget_type=\"spacer.default\">\n\t\t\t\t\t\t\t<div class=\"elementor-spacer\">\n\t\t\t<div class=\"elementor-spacer-inner\"><\/div>\n\t\t<\/div>\n\t\t\t\t\t\t<\/div>\n\t\t<div role=\"region\" aria-labelledby=\"e-n-accordion-item-2042\" class=\"elementor-element elementor-element-1c41e77 e-grid e-con-full wpr-particle-no wpr-jarallax-no wpr-parallax-no wpr-sticky-section-no wpr-equal-height-no e-con e-child\" data-id=\"1c41e77\" data-element_type=\"container\" data-e-type=\"container\">\n\t\t<div role=\"region\" aria-labelledby=\"e-n-accordion-item-2042\" class=\"elementor-element elementor-element-1752131 e-con-full e-flex wpr-particle-no wpr-jarallax-no wpr-parallax-no wpr-sticky-section-no wpr-equal-height-no e-con e-child\" data-id=\"1752131\" data-element_type=\"container\" data-e-type=\"container\">\n\t\t\t\t<div class=\"elementor-element elementor-element-1854a22 elementor-widget elementor-widget-heading\" data-id=\"1854a22\" data-element_type=\"widget\" data-e-type=\"widget\" data-widget_type=\"heading.default\">\n\t\t\t\t\t<h2 class=\"elementor-heading-title elementor-size-default\">SPONSORIZZAZIONE DEL CONCORSO PER APPRENDISTI METALLURGICI 2018<\/h2>\t\t\t\t<\/div>\n\t\t\t\t<div class=\"elementor-element elementor-element-42288e9 elementor-widget elementor-widget-text-editor\" data-id=\"42288e9\" data-element_type=\"widget\" data-e-type=\"widget\" data-widget_type=\"text-editor.default\">\n\t\t\t\t\t\t\t\t\t<p>L\u2019associazione professionale della metalcostruzione Metaltec Aargau ha dato il via quest\u2019anno per la settima volta al concorso degli apprendisti del settore delle costruzioni in metallo. Complessivamente 40 futuri metalmeccanici (1\u00b0-3\u00b0 anno di formazione) hanno costruito un pezzo di arredamento per il tema \u00abBar con sgabello\u00bb. SPRICH ha potuto partecipare in veste di sponsor. Investire nel futuro e nella formazione degli apprendisti \u00e8 un tema che sta particolarmente a cuore della SPRICH SA. Per aggiudicarsi una delle postazioni tra il 1\u00b0 e il 3\u00b0 posto si dovevano rispettare quattro criteri: lavorazione corretta, aspetti pratici di un bar, comfort e design. La giuria era composta da tre membri. L\u2019orgoglioso vincitore \u00e8 Raphael Lauber.<\/p>\n\t\t\t\t\t\t\t\t<\/div>\n\t\t\t\t<\/div>\n\t\t\t\t<div class=\"elementor-element elementor-element-c465df3 elementor-widget elementor-widget-image\" data-id=\"c465df3\" data-element_type=\"widget\" data-e-type=\"widget\" data-widget_type=\"image.default\">\n\t\t\t\t\t\t\t\t\t\t\t\t\t\t\t<img loading=\"lazy\" decoding=\"async\" width=\"580\" height=\"409\" src=\"https:\/\/www.sprich.ch\/wp-content\/uploads\/2025\/10\/sprich_sponsoring_metallbau-lernende_inline_nr01_2025-.jpg\" class=\"attachment-large size-large wp-image-9759\" alt=\"sprich_sponsoring_metallbau-lernende_inline_nr01_2025\" srcset=\"https:\/\/www.sprich.ch\/wp-content\/uploads\/2025\/10\/sprich_sponsoring_metallbau-lernende_inline_nr01_2025-.jpg 580w, https:\/\/www.sprich.ch\/wp-content\/uploads\/2025\/10\/sprich_sponsoring_metallbau-lernende_inline_nr01_2025--300x212.jpg 300w\" sizes=\"(max-width: 580px) 100vw, 580px\" \/>\t\t\t\t\t\t\t\t\t\t\t\t\t\t\t<\/div>\n\t\t\t\t<\/div>\n\t\t\t\t<\/div>\n\t\t\t\t<\/div>\n\t\t\t\t\t<\/details>\n\t\t\t\t\t<\/div>\n\t\t\t\t\t\t<\/div>\n\t\t\t\t<div class=\"elementor-element elementor-element-6ec2bc3 elementor-widget elementor-widget-spacer\" data-id=\"6ec2bc3\" data-element_type=\"widget\" data-e-type=\"widget\" data-widget_type=\"spacer.default\">\n\t\t\t\t\t\t\t<div class=\"elementor-spacer\">\n\t\t\t<div class=\"elementor-spacer-inner\"><\/div>\n\t\t<\/div>\n\t\t\t\t\t\t<\/div>\n\t\t\t\t<\/div>\n\t\t\t\t<\/div>\n\t\t","protected":false},"excerpt":{"rendered":"<p>NOSTRO IMPEGNO Ci impegniamo per restituire alla societ\u00e0 una parte del nostro risultato. Attribuiamo grande importanza ad un mix variegato: sponsorizzazioni materiali, sponsorizzazioni sportive (giovani, junior, adulti) o sponsorizzazioni nel campo educativo. Naturalmente, il collegamento locale e regionale con la Svizzera riveste un ruolo importante perch\u00e9 ci consente di mantenere il contatto con i nostri partner. Di seguito, potete leggere di pi\u00f9 sulle nostre attuali sponsorizzazioni e adesioni, ma anche sugli impegni precedenti. SPONSORIZZAZIONI ATTUALI EVZ Siamo lieti di annunciare che supporteremo l\u2019EVZ Zugo come sponsor bronzo. Questa partnership riflette il nostro profondo impegno per lo sport locale e sottolinea il nostro desiderio di promuovere e rafforzare la comunit\u00e0. L\u2019EVZ Zugo \u00e8 una parte importante della nostra regione e siamo orgogliosi di accompagnare questo dinamico club di hockey su ghiaccio nel suo percorso verso nuovi successi. L\u2019EVZ Zugo \u00e8 stato fondato nel 1967 e da allora si \u00e8 affermato come una delle squadre di punta dell\u2019hockey su ghiaccio svizzero. Il club ha gi\u00e0 vinto tre titoli di campione svizzero, l\u2019ultimo nel 2022. Particolarmente significativa per noi \u00e8 l\u2019attenzione dedicata allo sviluppo dei giovani talenti. Per noi, questa partnership significa molto pi\u00f9 di un semplice sostegno finanziario. Siamo molto felici di vivere la prossima stagione insieme all\u2019EVZ Zugo. evz.ch Torneo di Zugerland 2026 Sosteniamo il Torneo di Zugerland 2026 in qualit\u00e0 di sponsor. Con il nostro contributo finanziario contribuiamo a garantire il buon svolgimento di questo torneo di calcio giovanile a orientamento internazionale nella regione di Zugo. Il 32\u00b0 Torneo Internazionale di Zugerland si terr\u00e0 sabato di Pentecoste, 23 maggio 2026. Circa 2&#8217;000 giovani calciatrici e calciatori dalla Svizzera e dall\u2019estero si sfideranno in diverse sedi della regione di Zugo. sccham.ch 4er Elite Kunstrad Baar\u200b Con il 4er Elite Kunstrad Baar sosteniamo un team locale di ciclismo artistico di Baar, che vive il ciclismo in palestra con grande impegno. Poiche la partecipazione a competizioni internazionali e legata a costi elevati, tali partnership sono una parte importante per garantire a lungo termine l\u2019allenamento e l\u2019attivita agonistica. Dal punto di vista sportivo, il palmares parla da se: medaglie ai campionati svizzeri nella categoria elite 2025, medaglie ai campionati svizzeri nella categoria junior dal 2022 al 2025 nonche medaglie ai campionati europei 2024 e 2025. Nella categoria scolari si aggiungono medaglie ai campionati svizzeri 2021. Il team persegue l\u2019obiettivo di raggiungere il vertice mondiale e pianifica, tra l\u2019altro, partecipazioni a Coppe del Mondo nonche qualificazioni per campionati europei e mondiali. 4erelitekunstradbaar.ch 103a Festa cantonale urana di lotta svizzera 2026, Fl\u00fcelen Sosteniamo la 103a Festa cantonale urana di lotta svizzera 2026 a Fl\u00fcelen in qualit\u00e0 di sponsor. Questa festa di lotta svizzera rappresenta tradizione, rispetto e un forte legame con il territorio \u2013 valori che contano anche per SPRICH. Per questo siamo lieti di contribuire a questo grande evento profondamente radicato nella regione. Il fine settimana della festa inizia con il Corpus Domini, gioved\u00ec 4 giugno 2026, e culmina sabato 6 giugno 2026 con la Festa cantonale urana di lotta svizzera. Auguriamo al comitato organizzatore e a tutte le persone coinvolte una manifestazione di successo \u2013 e a tutte le visitatrici e a tutti i visitatori momenti indimenticabili a Fl\u00fcelen. uksf2026.ch Feste di Hornuss 2026 &#8211; B\u00fcren zum Hof Sosteniamo le Hornusserfeste 2026 a B\u00fcren zum Hof e quindi lo sport nazionale svizzero Hornussen, che unisce sport, tradizione ed esperienza. In due fine settimana di festa, nel 2026 a B\u00fcren zum Hof partecipano oltre 3&#8217;000 hornusser attive e hornusser attivi. Sono attesi circa 5&#8217;000 visitatrici e visitatori su un\u2019area di oltre 40 campi da calcio. :contentReference[oaicite:0]{index=0} Le Hornusserfeste 2026 si svolgono il 21.\/22.\/23. e il 28.\/29.\/30. agosto 2026. hornusser.ch Chottlebotzer\u2019s Schnopf- ond Hudig\u00e4\u00e4ggeler-F\u00e4scht Il nostro sponsorizzazione sostiene il Chottlebotzer\u2019s Schnopf- ond Hudig\u00e4\u00e4ggeler-F\u00e4scht allo Stadtkeller di Lucerna. L\u2019evento pre-carnevalesco riunisce atmosfera carnevalesca, musica e convivialita ed e fortemente radicato nella regione. Sabato 31 gennaio 2026 si terra gia la 15a edizione. Dopo quattordici edizioni tutte esaurite, il comitato organizzatore si aspetta un\u2019altra serata all\u2019insegna della convivialita carnevalesca, con una piccola formazione, hudigaggeler l\u00fcpfig e le esibizioni dei Chottlebotzer. Con questo impegno sosteniamo consapevolmente la cultura regionale e le associazioni che, con grande dedizione, mantengono vive le tradizioni e uniscono le persone. chottlebotzer.ch\/schnopffaescht\/ ANDREAS HEIMANN Dalla presente stagione siamo lieti di sponsorizzare il nostro collega Andreas Heimann \u2013 un giovane talento del dart. Andreas lavora presso SPRICH dal 2017 ed \u00e8 attualmente attivo come project manager. Il dart era inizialmente solo un passatempo, che Andreas praticava anche dopo il lavoro in SPRICH (le freccette volavano ovunque in ufficio). Grazie al suo talento e all\u2019allenamento costante, questa attivit\u00e0 \u00e8 diventata una vera passione sportiva. Andreas ha gi\u00e0 ottenuto i suoi primi successi, tra cui un impressionante 5\u00b0 posto nel doppio al torneo di St. Gallen. Nel singolo ha raggiunto il 33\u00b0 posto su un totale di 128 partecipanti. ADESIONI ATTUALI GEWERBEVEREIN BAAR Il\u00a0Gewerbeverein Baar\u00a0\u00e8 un&#8217;associazione che riunisce oltre 250 aziende del comune di Baar e rappresenta gli interessi delle PMI locali nell\u2019opinine pubblica e nei confronti della politica e dell&#8217;amministrazione. I membri dell&#8217;associazione producono e forniscono rispettivamente prodotti e servizi di prima qualit\u00e0 e allo stesso tempo garantiscono posti di lavoro e di formazione sostenibili nella regione. Grazie alla sua veste unitaria, l\u2019operato dell\u2019associazione viene trasmesso in modo efficace all\u2019opinione pubblica. ILS La IIntralogistik Schweiz\u00a0(ILS) \u00e8 l\u2019associazione delle imprese svizzere che producono e forniscono rispettivamente prodotti e servizi nel campo dell\u2019intralogistica. Tra gli obiettivi dell&#8217;ILS rientra coltivare i contatti e scambiare esperienze tra i membri. L\u2019associazione rappresenta gli interessi economici, morali e tecnici comuni dei suoi membri verso organizzazioni, associazioni e autorit\u00e0. Dal 2018 anche noi siamo membri di ILS. SPONSORIZZAZIONI PASSATE SPONSORIZZAZIONE DI MATERIALI: I GRIGLIATI ABBELLIRANNO UN FUTURO PONTE Il Centro d\u2019informazione di Morgarten appartiene alla Fondazione della Giovent\u00f9 Scolastica Svizzera per la conservazione del campo di battaglia di Morgarten. L\u2019accesso al centro d\u2019informazione \u00e8 costituito da un attraversamento in legno sul torrente Figlenbach, costruito provvisoriamente dall\u2019esercito nel 2015 per motivi finanziari. Ben sette anni dopo, aziende specializzate del settore edile hanno deciso di costruire<\/p>\n","protected":false},"author":1,"featured_media":0,"parent":11248,"menu_order":0,"comment_status":"closed","ping_status":"closed","template":"elementor_header_footer","meta":{"footnotes":""},"class_list":["post-11212","page","type-page","status-publish","hentry","entry"],"yoast_head":"<!-- This site is optimized with the Yoast SEO Premium plugin v27.4 (Yoast SEO v27.5) - https:\/\/yoast.com\/product\/yoast-seo-premium-wordpress\/ -->\n<title>Nostro impegno - SPRICH<\/title>\n<meta name=\"description\" content=\"Unser Engagement: Verantwortungsvoll handeln \u2013 f\u00fcr Umwelt, Gesellschaft und nachhaltige Innovationen in der Branche.\" \/>\n<meta name=\"robots\" content=\"index, follow, max-snippet:-1, max-image-preview:large, max-video-preview:-1\" \/>\n<link rel=\"canonical\" href=\"https:\/\/www.sprich.ch\/it\/impresa\/mondo-sprich\/nostro-impegno\" \/>\n<meta property=\"og:locale\" content=\"it_IT\" \/>\n<meta property=\"og:type\" content=\"article\" \/>\n<meta property=\"og:title\" content=\"Nostro impegno\" \/>\n<meta property=\"og:description\" content=\"Unser Engagement: Verantwortungsvoll handeln \u2013 f\u00fcr Umwelt, Gesellschaft und nachhaltige Innovationen in der Branche.\" \/>\n<meta property=\"og:url\" content=\"https:\/\/www.sprich.ch\/it\/impresa\/mondo-sprich\/nostro-impegno\" \/>\n<meta property=\"og:site_name\" content=\"SPRICH\" \/>\n<meta property=\"article:modified_time\" content=\"2026-03-11T10:38:00+00:00\" \/>\n<meta property=\"og:image\" content=\"https:\/\/www.sprich.ch\/wp-content\/uploads\/2026\/02\/EVZ_Sponsoring.jpg\" \/>\n\t<meta property=\"og:image:width\" content=\"1920\" \/>\n\t<meta property=\"og:image:height\" content=\"1080\" \/>\n\t<meta property=\"og:image:type\" content=\"image\/jpeg\" \/>\n<meta name=\"twitter:card\" content=\"summary_large_image\" \/>\n<meta name=\"twitter:label1\" content=\"Tempo di lettura stimato\" \/>\n\t<meta name=\"twitter:data1\" content=\"25 minuti\" \/>\n<script type=\"application\/ld+json\" class=\"yoast-schema-graph\">{\"@context\":\"https:\\\/\\\/schema.org\",\"@graph\":[{\"@type\":\"WebPage\",\"@id\":\"https:\\\/\\\/www.sprich.ch\\\/it\\\/impresa\\\/mondo-sprich\\\/nostro-impegno\",\"url\":\"https:\\\/\\\/www.sprich.ch\\\/it\\\/impresa\\\/mondo-sprich\\\/nostro-impegno\",\"name\":\"Nostro impegno - SPRICH\",\"isPartOf\":{\"@id\":\"https:\\\/\\\/www.sprich.ch\\\/it#website\"},\"primaryImageOfPage\":{\"@id\":\"https:\\\/\\\/www.sprich.ch\\\/it\\\/impresa\\\/mondo-sprich\\\/nostro-impegno#primaryimage\"},\"image\":{\"@id\":\"https:\\\/\\\/www.sprich.ch\\\/it\\\/impresa\\\/mondo-sprich\\\/nostro-impegno#primaryimage\"},\"thumbnailUrl\":\"https:\\\/\\\/www.sprich.ch\\\/wp-content\\\/uploads\\\/2026\\\/02\\\/EVZ_Sponsoring-1024x576.jpg\",\"datePublished\":\"2025-10-03T09:59:14+00:00\",\"dateModified\":\"2026-03-11T10:38:00+00:00\",\"description\":\"Unser Engagement: Verantwortungsvoll handeln \u2013 f\u00fcr Umwelt, Gesellschaft und nachhaltige Innovationen in der Branche.\",\"breadcrumb\":{\"@id\":\"https:\\\/\\\/www.sprich.ch\\\/it\\\/impresa\\\/mondo-sprich\\\/nostro-impegno#breadcrumb\"},\"inLanguage\":\"it-IT\",\"potentialAction\":[{\"@type\":\"ReadAction\",\"target\":[\"https:\\\/\\\/www.sprich.ch\\\/it\\\/impresa\\\/mondo-sprich\\\/nostro-impegno\"]}]},{\"@type\":\"ImageObject\",\"inLanguage\":\"it-IT\",\"@id\":\"https:\\\/\\\/www.sprich.ch\\\/it\\\/impresa\\\/mondo-sprich\\\/nostro-impegno#primaryimage\",\"url\":\"https:\\\/\\\/www.sprich.ch\\\/wp-content\\\/uploads\\\/2026\\\/02\\\/EVZ_Sponsoring-1024x576.jpg\",\"contentUrl\":\"https:\\\/\\\/www.sprich.ch\\\/wp-content\\\/uploads\\\/2026\\\/02\\\/EVZ_Sponsoring-1024x576.jpg\"},{\"@type\":\"BreadcrumbList\",\"@id\":\"https:\\\/\\\/www.sprich.ch\\\/it\\\/impresa\\\/mondo-sprich\\\/nostro-impegno#breadcrumb\",\"itemListElement\":[{\"@type\":\"ListItem\",\"position\":1,\"name\":\"Home\",\"item\":\"https:\\\/\\\/www.sprich.ch\\\/it\"},{\"@type\":\"ListItem\",\"position\":2,\"name\":\"Impresa\",\"item\":\"https:\\\/\\\/www.sprich.ch\\\/it\\\/unternehmen\"},{\"@type\":\"ListItem\",\"position\":3,\"name\":\"Mondo SPRICH\",\"item\":\"https:\\\/\\\/www.sprich.ch\\\/it\\\/unternehmen\\\/sprich-welt\"},{\"@type\":\"ListItem\",\"position\":4,\"name\":\"Nostro impegno\"}]},{\"@type\":\"WebSite\",\"@id\":\"https:\\\/\\\/www.sprich.ch\\\/it#website\",\"url\":\"https:\\\/\\\/www.sprich.ch\\\/it\",\"name\":\"SPRICH\",\"description\":\"Gitterroste, Leitern, Treppen\",\"publisher\":{\"@id\":\"https:\\\/\\\/www.sprich.ch\\\/it#organization\"},\"potentialAction\":[{\"@type\":\"SearchAction\",\"target\":{\"@type\":\"EntryPoint\",\"urlTemplate\":\"https:\\\/\\\/www.sprich.ch\\\/it?s={search_term_string}\"},\"query-input\":{\"@type\":\"PropertyValueSpecification\",\"valueRequired\":true,\"valueName\":\"search_term_string\"}}],\"inLanguage\":\"it-IT\"},{\"@type\":\"Organization\",\"@id\":\"https:\\\/\\\/www.sprich.ch\\\/it#organization\",\"name\":\"SPRICH\",\"url\":\"https:\\\/\\\/www.sprich.ch\\\/it\",\"logo\":{\"@type\":\"ImageObject\",\"inLanguage\":\"it-IT\",\"@id\":\"https:\\\/\\\/www.sprich.ch\\\/it#\\\/schema\\\/logo\\\/image\\\/\",\"url\":\"https:\\\/\\\/www.sprich.ch\\\/wp-content\\\/uploads\\\/2025\\\/09\\\/Sprich_Logo_rgb_pos_quer_600dpi-1-scaled.png\",\"contentUrl\":\"https:\\\/\\\/www.sprich.ch\\\/wp-content\\\/uploads\\\/2025\\\/09\\\/Sprich_Logo_rgb_pos_quer_600dpi-1-scaled.png\",\"width\":2560,\"height\":695,\"caption\":\"SPRICH\"},\"image\":{\"@id\":\"https:\\\/\\\/www.sprich.ch\\\/it#\\\/schema\\\/logo\\\/image\\\/\"}}]}<\/script>\n<!-- \/ Yoast SEO Premium plugin. -->","yoast_head_json":{"title":"Nostro impegno - SPRICH","description":"Unser Engagement: Verantwortungsvoll handeln \u2013 f\u00fcr Umwelt, Gesellschaft und nachhaltige Innovationen in der Branche.","robots":{"index":"index","follow":"follow","max-snippet":"max-snippet:-1","max-image-preview":"max-image-preview:large","max-video-preview":"max-video-preview:-1"},"canonical":"https:\/\/www.sprich.ch\/it\/impresa\/mondo-sprich\/nostro-impegno","og_locale":"it_IT","og_type":"article","og_title":"Nostro impegno","og_description":"Unser Engagement: Verantwortungsvoll handeln \u2013 f\u00fcr Umwelt, Gesellschaft und nachhaltige Innovationen in der Branche.","og_url":"https:\/\/www.sprich.ch\/it\/impresa\/mondo-sprich\/nostro-impegno","og_site_name":"SPRICH","article_modified_time":"2026-03-11T10:38:00+00:00","og_image":[{"width":1920,"height":1080,"url":"https:\/\/www.sprich.ch\/wp-content\/uploads\/2026\/02\/EVZ_Sponsoring.jpg","type":"image\/jpeg"}],"twitter_card":"summary_large_image","twitter_misc":{"Tempo di lettura stimato":"25 minuti"},"schema":{"@context":"https:\/\/schema.org","@graph":[{"@type":"WebPage","@id":"https:\/\/www.sprich.ch\/it\/impresa\/mondo-sprich\/nostro-impegno","url":"https:\/\/www.sprich.ch\/it\/impresa\/mondo-sprich\/nostro-impegno","name":"Nostro impegno - SPRICH","isPartOf":{"@id":"https:\/\/www.sprich.ch\/it#website"},"primaryImageOfPage":{"@id":"https:\/\/www.sprich.ch\/it\/impresa\/mondo-sprich\/nostro-impegno#primaryimage"},"image":{"@id":"https:\/\/www.sprich.ch\/it\/impresa\/mondo-sprich\/nostro-impegno#primaryimage"},"thumbnailUrl":"https:\/\/www.sprich.ch\/wp-content\/uploads\/2026\/02\/EVZ_Sponsoring-1024x576.jpg","datePublished":"2025-10-03T09:59:14+00:00","dateModified":"2026-03-11T10:38:00+00:00","description":"Unser Engagement: Verantwortungsvoll handeln \u2013 f\u00fcr Umwelt, Gesellschaft und nachhaltige Innovationen in der Branche.","breadcrumb":{"@id":"https:\/\/www.sprich.ch\/it\/impresa\/mondo-sprich\/nostro-impegno#breadcrumb"},"inLanguage":"it-IT","potentialAction":[{"@type":"ReadAction","target":["https:\/\/www.sprich.ch\/it\/impresa\/mondo-sprich\/nostro-impegno"]}]},{"@type":"ImageObject","inLanguage":"it-IT","@id":"https:\/\/www.sprich.ch\/it\/impresa\/mondo-sprich\/nostro-impegno#primaryimage","url":"https:\/\/www.sprich.ch\/wp-content\/uploads\/2026\/02\/EVZ_Sponsoring-1024x576.jpg","contentUrl":"https:\/\/www.sprich.ch\/wp-content\/uploads\/2026\/02\/EVZ_Sponsoring-1024x576.jpg"},{"@type":"BreadcrumbList","@id":"https:\/\/www.sprich.ch\/it\/impresa\/mondo-sprich\/nostro-impegno#breadcrumb","itemListElement":[{"@type":"ListItem","position":1,"name":"Home","item":"https:\/\/www.sprich.ch\/it"},{"@type":"ListItem","position":2,"name":"Impresa","item":"https:\/\/www.sprich.ch\/it\/unternehmen"},{"@type":"ListItem","position":3,"name":"Mondo SPRICH","item":"https:\/\/www.sprich.ch\/it\/unternehmen\/sprich-welt"},{"@type":"ListItem","position":4,"name":"Nostro impegno"}]},{"@type":"WebSite","@id":"https:\/\/www.sprich.ch\/it#website","url":"https:\/\/www.sprich.ch\/it","name":"SPRICH","description":"Gitterroste, Leitern, Treppen","publisher":{"@id":"https:\/\/www.sprich.ch\/it#organization"},"potentialAction":[{"@type":"SearchAction","target":{"@type":"EntryPoint","urlTemplate":"https:\/\/www.sprich.ch\/it?s={search_term_string}"},"query-input":{"@type":"PropertyValueSpecification","valueRequired":true,"valueName":"search_term_string"}}],"inLanguage":"it-IT"},{"@type":"Organization","@id":"https:\/\/www.sprich.ch\/it#organization","name":"SPRICH","url":"https:\/\/www.sprich.ch\/it","logo":{"@type":"ImageObject","inLanguage":"it-IT","@id":"https:\/\/www.sprich.ch\/it#\/schema\/logo\/image\/","url":"https:\/\/www.sprich.ch\/wp-content\/uploads\/2025\/09\/Sprich_Logo_rgb_pos_quer_600dpi-1-scaled.png","contentUrl":"https:\/\/www.sprich.ch\/wp-content\/uploads\/2025\/09\/Sprich_Logo_rgb_pos_quer_600dpi-1-scaled.png","width":2560,"height":695,"caption":"SPRICH"},"image":{"@id":"https:\/\/www.sprich.ch\/it#\/schema\/logo\/image\/"}}]}},"_links":{"self":[{"href":"https:\/\/www.sprich.ch\/it\/wp-json\/wp\/v2\/pages\/11212","targetHints":{"allow":["GET"]}}],"collection":[{"href":"https:\/\/www.sprich.ch\/it\/wp-json\/wp\/v2\/pages"}],"about":[{"href":"https:\/\/www.sprich.ch\/it\/wp-json\/wp\/v2\/types\/page"}],"author":[{"embeddable":true,"href":"https:\/\/www.sprich.ch\/it\/wp-json\/wp\/v2\/users\/1"}],"replies":[{"embeddable":true,"href":"https:\/\/www.sprich.ch\/it\/wp-json\/wp\/v2\/comments?post=11212"}],"version-history":[{"count":23,"href":"https:\/\/www.sprich.ch\/it\/wp-json\/wp\/v2\/pages\/11212\/revisions"}],"predecessor-version":[{"id":30570,"href":"https:\/\/www.sprich.ch\/it\/wp-json\/wp\/v2\/pages\/11212\/revisions\/30570"}],"up":[{"embeddable":true,"href":"https:\/\/www.sprich.ch\/it\/wp-json\/wp\/v2\/pages\/11248"}],"wp:attachment":[{"href":"https:\/\/www.sprich.ch\/it\/wp-json\/wp\/v2\/media?parent=11212"}],"curies":[{"name":"wp","href":"https:\/\/api.w.org\/{rel}","templated":true}]}}